{"id":18564,"date":"2025-12-08T14:07:26","date_gmt":"2025-12-08T14:07:26","guid":{"rendered":"https:\/\/city.maxim-design.de\/?post_type=property&#038;p=18564"},"modified":"2026-03-06T20:30:09","modified_gmt":"2026-03-06T20:30:09","slug":"cki-1434","status":"publish","type":"property","link":"https:\/\/citykontaktimmobilien.de\/?property=cki-1434","title":{"rendered":"Neubau, Erstbezug, 3ZKB Wohnung mit gro\u00dfem Balkon"},"content":{"rendered":"<p><\/p>\n<p><strong>Objektbeschreibung<\/strong><\/p>\n<p><\/p>\n<p><\/p>\n<p>Die zur vermietende 68,84 m\u00b2, Neubau, Erstbezug 3 ZKBB, Whg. befindet sich im 1.OG eines 6 Parteien Hauses direkt an der Stelle abgerissenen Nikolaikirche, westlichen Stadtteil Roxel in M\u00fcnster.<\/p>\n<p><\/p>\n<p><\/p>\n<p><strong>Die Whg. ist Neubau ab sofort beziehbar<\/strong><\/p>\n<p><\/p>\n<p><\/p>\n<p>Die R\u00e4umlichkeiten:<\/p>\n<p><\/p>\n<p><\/p>\n<p>\u2013 Wohn\/Esszimmer 27,27 m\u00b2<\/p>\n<p><\/p>\n<p><\/p>\n<p>\u2013 Offene K\u00fcche<\/p>\n<p><\/p>\n<p><\/p>\n<p>\u2013 Schlafzimmer 13,80 m\u00b2<\/p>\n<p><\/p>\n<p><\/p>\n<p>\u2013 Arbeits\/Gastzimmer 10,43 m\u00b2<\/p>\n<p><\/p>\n<p><\/p>\n<p>\u2013 Bad Mit Dusche 4,90 m\u00b2<\/p>\n<p><\/p>\n<p><\/p>\n<p>\u2013 GWC 2,21 m\u00b2<\/p>\n<p><\/p>\n<p><\/p>\n<p>\u2013 AR 1,09 m\u00b2<\/p>\n<p><\/p>\n<p><\/p>\n<p>\u2013 Balkon 18,28m\u00b2 50%\u00a0 \u00a09,14 m\u00b2<\/p>\n<p><\/p>\n<p><\/p>\n<p>\u2014\u2014\u2014\u2014\u2014\u2014\u2014\u2014\u2014\u2014\u2014\u2014\u2014\u2014-<\/p>\n<p><\/p>\n<p><\/p>\n<p>Wohnfl\u00e4chen 68,84 m\u00b2<\/p>\n<p><\/p>\n<p><\/p>\n<p>Keller 5,29 m\u00b2<\/p>\n<p><\/p>\n<p><\/p>\n<p>\u2014\u2014\u2014\u2014\u2014\u2014\u2014\u2014\u2014\u2014\u2014\u2014\u2014\u2014-<\/p>\n<p><\/p>\n<p><\/p>\n<p>Gesamtfl\u00e4che 74,13 m\u00b2<\/p>\n<p><\/p>\n<p><\/p>\n<p><strong>Lage<\/strong><\/p>\n<p><\/p>\n<p><\/p>\n<p>Das Objekt befindet sich im westlich gelegenen Stadtteil Roxel,<\/p>\n<p><\/p>\n<p><\/p>\n<p>direkt an der Stelle abgerissenen Nikolaikirche, alt eingesessenes, ruhiges Wohngebiet in M\u00fcnster Roxel.<\/p>\n<p><\/p>\n<p><\/p>\n<p><strong>Infrastruktur<\/strong><\/p>\n<p><\/p>\n<p><\/p>\n<p>-ca. 6km zum UKM und 8km bis zur Innenstadt M\u00fcnster<br \/>\n-Discounterm\u00e4rkte\/Stadtteilzentrum sowie Schulen, Banken, \u00c4rzte liegen im Ortskern, ca 500m.<br \/>\n-Bahnhof Roxel, ca.300m.<br \/>\n-Autobahnen A1 und A43, ca.5 km.<\/p>\n<p><\/p>\n<p><\/p>\n<p><\/p>\n<p><\/p>\n<p><\/p>\n<p><\/p>\n","protected":false},"excerpt":{"rendered":"<p>Objektbeschreibung Die zur vermietende 68,84 m\u00b2, Neubau, Erstbezug 3 ZKBB, Whg. befindet sich im 1.OG eines 6 Parteien Hauses direkt an der Stelle abgerissenen Nikolaikirche, westlichen Stadtteil Roxel in M\u00fcnster. Die Whg. ist Neubau ab sofort beziehbar Die R\u00e4umlichkeiten: \u2013 Wohn\/Esszimmer 27,27 m\u00b2 \u2013 Offene K\u00fcche \u2013 Schlafzimmer 13,80 m\u00b2 \u2013 Arbeits\/Gastzimmer 10,43 m\u00b2 \u2013 [&hellip;]<\/p>\n","protected":false},"author":2,"featured_media":18572,"parent":0,"menu_order":0,"template":"","property_type":[31,81],"property_status":[126],"property_feature":[],"property_label":[43],"property_country":[115],"property_state":[153],"property_city":[136],"property_area":[151],"class_list":["post-18564","property","type-property","status-publish","has-post-thumbnail","hentry","property_type-private-immobilien","property_type-vermietung","property_status-vermietet","property_label-exklusiv","property_country-deutschland","property_state-muenster","property_city-muenster","property_area-roxel"],"property_meta":{"_edit_lock":["1768955834:2"],"_edit_last":["1"],"fave_property_price":["850"],"fave_show_price_placeholder":["0"],"fave_property_price_postfix":["Kaltmiete"],"fave_property_size":["68,84"],"fave_property_size_prefix":["m\u00b2"],"fave_property_land_postfix":["m\u00b2"],"fave_property_rooms":["3"],"fave_property_garage":[""],"fave_property_year":["2021"],"fave_property_id":["Cki 1434"],"fave_property_map":["1"],"fave_property_location":["51.9502712,7.5315490"],"houzez_geolocation_lat":["51.9502712"],"houzez_geolocation_long":["7.5315490"],"fave_property_map_street_view":[null],"fave_featured":["0"],"houzez_featured_listing_date":[""],"fave_loggedintoview":["0"],"fave_agent_display_option":["author_info"],"fave_prop_homeslider":["no"],"fave_energy_global_index":["24,20"],"fave_single_top_area":["global"],"fave_single_content_area":["global"],"houzez_manual_expire":["0"],"_houzez_expiration_date_status":["saved"],"houzez_total_property_views":["281"],"houzez_views_by_date":["a:61:{s:10:\"01-07-2026\";i:8;s:10:\"01-08-2026\";i:2;s:10:\"01-09-2026\";i:23;s:10:\"01-12-2026\";i:4;s:10:\"01-13-2026\";i:22;s:10:\"01-14-2026\";i:2;s:10:\"01-15-2026\";i:9;s:10:\"01-16-2026\";i:2;s:10:\"01-21-2026\";i:36;s:10:\"01-22-2026\";i:24;s:10:\"01-23-2026\";i:5;s:10:\"01-25-2026\";i:1;s:10:\"01-26-2026\";i:1;s:10:\"01-27-2026\";i:2;s:10:\"01-28-2026\";i:2;s:10:\"01-31-2026\";i:1;s:10:\"02-04-2026\";i:1;s:10:\"02-08-2026\";i:1;s:10:\"02-09-2026\";i:1;s:10:\"02-10-2026\";i:2;s:10:\"02-12-2026\";i:5;s:10:\"02-13-2026\";i:3;s:10:\"02-15-2026\";i:1;s:10:\"02-16-2026\";i:3;s:10:\"02-17-2026\";i:1;s:10:\"02-19-2026\";i:1;s:10:\"02-23-2026\";i:4;s:10:\"02-24-2026\";i:2;s:10:\"02-25-2026\";i:4;s:10:\"02-27-2026\";i:7;s:10:\"02-28-2026\";i:1;s:10:\"03-01-2026\";i:2;s:10:\"03-02-2026\";i:6;s:10:\"03-07-2026\";i:1;s:10:\"03-10-2026\";i:2;s:10:\"03-13-2026\";i:2;s:10:\"03-15-2026\";i:1;s:10:\"03-17-2026\";i:2;s:10:\"03-19-2026\";i:2;s:10:\"03-22-2026\";i:2;s:10:\"03-24-2026\";i:3;s:10:\"03-25-2026\";i:3;s:10:\"03-29-2026\";i:1;s:10:\"03-30-2026\";i:2;s:10:\"04-01-2026\";i:1;s:10:\"04-02-2026\";i:2;s:10:\"04-03-2026\";i:1;s:10:\"04-07-2026\";i:2;s:10:\"04-09-2026\";i:2;s:10:\"04-10-2026\";i:1;s:10:\"04-11-2026\";i:1;s:10:\"04-13-2026\";i:1;s:10:\"04-15-2026\";i:1;s:10:\"04-16-2026\";i:1;s:10:\"04-20-2026\";i:2;s:10:\"04-21-2026\";i:1;s:10:\"04-22-2026\";i:2;s:10:\"04-23-2026\";i:1;s:10:\"04-27-2026\";i:1;s:10:\"04-28-2026\";i:1;s:10:\"04-30-2026\";i:1;}"],"houzez_recently_viewed":["2026-04-30 03:38:33"],"fave_property_bedrooms":["2"],"fave_property_bathrooms":["1"],"fave_energy_class":["A+"],"fave_renewable_energy_global_index":["Bedarf"],"fave_energy_performance":["ja"],"fave_epc_current_rating":["Gas"],"fave_epc_potential_rating":["2041"],"fave_property_map_address":["Paul-Gerhardt-Stra\u00dfe 40, 48161 M\u00fcnster"],"fave_property_address":["Paul-Gerhardt-Stra\u00dfe 40, 48161 M\u00fcnster"],"fave_property_zip":["48161"],"fave_property_garage_size":[""],"fave_payment_status":[""],"fave_neben-und-betriebskosten":["150"],"fave_heizkosten":["inkl. Heizkosten"],"fave_property_price_placeholder":[""],"fave_property_price_prefix":[""],"fave_property_sec_price":[""],"additional_features":["a:4:{i:0;a:2:{s:29:\"fave_additional_feature_title\";s:10:\"Warmwasser\";s:29:\"fave_additional_feature_value\";s:5:\"Solar\";}i:1;a:2:{s:29:\"fave_additional_feature_title\";s:10:\"Rolll\u00e4den\";s:29:\"fave_additional_feature_value\";s:10:\"Elektrisch\";}i:2;a:2:{s:29:\"fave_additional_feature_title\";s:13:\"Fahrradkeller\";s:29:\"fave_additional_feature_value\";s:0:\"\";}i:3;a:2:{s:29:\"fave_additional_feature_title\";s:7:\"Fenster\";s:29:\"fave_additional_feature_value\";s:15:\"3 Fach verglast\";}}"],"floor_plans":[""],"fave_multi_units":[""],"fave_virtual_tour":[""],"fave_video_url":[""],"fave_private_note":[""],"fave_property_disclaimer":["Alle Angaben in diesem Expos\u00e9 wurden mit gr\u00f6\u00dftm\u00f6glicher Sorgfalt zusammengestellt. Die Informationen beruhen auf Angaben des Eigent\u00fcmers oder Dritter. F\u00fcr die Richtigkeit, Vollst\u00e4ndigkeit und Aktualit\u00e4t wird keine Gew\u00e4hr \u00fcbernommen. Irrtum und Zwischenverkauf oder Zwischenvermietung bleiben vorbehalten."],"fave_c3bcbergabe-ab":["01.02.2022"],"fave_anzahl-balkone":["1"],"fave_einbaukc3bcche-vorhanden":["Nein"],"fave_aufzug":["Nein"],"fave_typ":["Bedarfsausweis"],"fave_ww-inkl":["Ja"],"fave_energietrc3a4ger-heiz-art":["Hybridheizung"],"fave_erstellungsdatum":["01.01.2026"],"fave_gc3bcltig-bis":["01.01.2030"],"fave_additional_features_enable":["enable"],"fave_gc3a4ste-wc":["Ja"],"fave_property_images":["18565","18567","18568","18572","18569","18570","18566","18571"],"_thumbnail_id":["18572"],"fave_attachments":["18574"],"_elementor_page_assets":["a:0:{}"]},"_links":{"self":[{"href":"https:\/\/citykontaktimmobilien.de\/index.php?rest_route=\/wp\/v2\/Objekte\/18564","targetHints":{"allow":["GET"]}}],"collection":[{"href":"https:\/\/citykontaktimmobilien.de\/index.php?rest_route=\/wp\/v2\/Objekte"}],"about":[{"href":"https:\/\/citykontaktimmobilien.de\/index.php?rest_route=\/wp\/v2\/types\/property"}],"author":[{"embeddable":true,"href":"https:\/\/citykontaktimmobilien.de\/index.php?rest_route=\/wp\/v2\/users\/2"}],"version-history":[{"count":8,"href":"https:\/\/citykontaktimmobilien.de\/index.php?rest_route=\/wp\/v2\/Objekte\/18564\/revisions"}],"predecessor-version":[{"id":20581,"href":"https:\/\/citykontaktimmobilien.de\/index.php?rest_route=\/wp\/v2\/Objekte\/18564\/revisions\/20581"}],"wp:featuredmedia":[{"embeddable":true,"href":"https:\/\/citykontaktimmobilien.de\/index.php?rest_route=\/wp\/v2\/media\/18572"}],"wp:attachment":[{"href":"https:\/\/citykontaktimmobilien.de\/index.php?rest_route=%2Fwp%2Fv2%2Fmedia&parent=18564"}],"wp:term":[{"taxonomy":"property_type","embeddable":true,"href":"https:\/\/citykontaktimmobilien.de\/index.php?rest_route=%2Fwp%2Fv2%2Fproperty_type&post=18564"},{"taxonomy":"property_status","embeddable":true,"href":"https:\/\/citykontaktimmobilien.de\/index.php?rest_route=%2Fwp%2Fv2%2Fproperty_status&post=18564"},{"taxonomy":"property_feature","embeddable":true,"href":"https:\/\/citykontaktimmobilien.de\/index.php?rest_route=%2Fwp%2Fv2%2Fproperty_feature&post=18564"},{"taxonomy":"property_label","embeddable":true,"href":"https:\/\/citykontaktimmobilien.de\/index.php?rest_route=%2Fwp%2Fv2%2Fproperty_label&post=18564"},{"taxonomy":"property_country","embeddable":true,"href":"https:\/\/citykontaktimmobilien.de\/index.php?rest_route=%2Fwp%2Fv2%2Fproperty_country&post=18564"},{"taxonomy":"property_state","embeddable":true,"href":"https:\/\/citykontaktimmobilien.de\/index.php?rest_route=%2Fwp%2Fv2%2Fproperty_state&post=18564"},{"taxonomy":"property_city","embeddable":true,"href":"https:\/\/citykontaktimmobilien.de\/index.php?rest_route=%2Fwp%2Fv2%2Fproperty_city&post=18564"},{"taxonomy":"property_area","embeddable":true,"href":"https:\/\/citykontaktimmobilien.de\/index.php?rest_route=%2Fwp%2Fv2%2Fproperty_area&post=18564"}],"curies":[{"name":"wp","href":"https:\/\/api.w.org\/{rel}","templated":true}]}}