{"id":19577,"date":"2026-01-21T00:58:43","date_gmt":"2026-01-21T00:58:43","guid":{"rendered":"https:\/\/city.maxim-design.de\/?post_type=property&#038;p=19577"},"modified":"2026-03-29T17:48:51","modified_gmt":"2026-03-29T17:48:51","slug":"kernsanierte-103-m2-erdgeschoss-wohnung-in-muenster-gremmendorf","status":"publish","type":"property","link":"https:\/\/citykontaktimmobilien.de\/?property=kernsanierte-103-m2-erdgeschoss-wohnung-in-muenster-gremmendorf","title":{"rendered":"Kernsanierte 103 m\u00b2 Erdgeschoss Wohnung in M\u00fcnster Gremmendorf"},"content":{"rendered":"<p>Objekt:<\/p>\n<p>Die Erdgeschoss Wohnung befindet sich im EG eines kernsanierten Wohnhauses mit 8 Einheiten.<\/p>\n<p>-Wohnzimmer\u00a0\u00a0\u00a0\u00a0\u00a0\u00a0\u00a0\u00a0\u00a0\u00a0\u00a0\u00a0\u00a0\u00a0\u00a0\u00a0\u00a0\u00a0\u00a0\u00a0\u00a0\u00a0 22,69 m\u00b2<\/p>\n<p>-Schlafzimmer\u00a0\u00a0\u00a0\u00a0\u00a0\u00a0\u00a0\u00a0\u00a0\u00a0\u00a0\u00a0\u00a0\u00a0\u00a0\u00a0\u00a0\u00a0\u00a0\u00a0\u00a0 22,14 m\u00b2<\/p>\n<p>-Arbeitszimmer\u00a0\u00a0\u00a0\u00a0\u00a0\u00a0\u00a0\u00a0\u00a0\u00a0\u00a0\u00a0\u00a0\u00a0\u00a0\u00a0\u00a0\u00a0\u00a0\u00a0 14,57 m\u00b2<\/p>\n<p>-Diele\u00a0 \u00a0 \u00a0 \u00a0 \u00a0 \u00a0 \u00a0 \u00a0 \u00a0 \u00a0 \u00a0 \u00a0 \u00a0 \u00a0 \u00a0 \u00a0 \u00a0 \u00a0 \u00a0 \u00a0 7,86 m\u00b2<\/p>\n<p>-K\u00fcche\u00a0 \u00a0 \u00a0 \u00a0 \u00a0 \u00a0 \u00a0 \u00a0 \u00a0 \u00a0 \u00a0 \u00a0 \u00a0 \u00a0 \u00a0 \u00a0 \u00a0 \u00a0 13,82 m\u00b2<\/p>\n<p>-Bad mit Wanne\u00a0\u00a0\u00a0\u00a0\u00a0\u00a0\u00a0\u00a0\u00a0\u00a0\u00a0\u00a0\u00a0\u00a0\u00a0\u00a0\u00a0 \u00a012,16 m\u00b2<\/p>\n<p>-32,33 m\u00b2 S\u00fcdwest Terrasse\u00a0 8,08 m\u00b2 (1\/4 von 32,33 m\u00b2)<\/p>\n<p>-Keller<\/p>\n<p>&nbsp;<\/p>\n<p>Ausstattung:<\/p>\n<p>Die Wohnung ist wie folgt ausgestattet:<\/p>\n<table>\n<tbody>\n<tr>\n<td>Die Wohnung ist wie folgt ausgestattet:<\/p>\n<p>-3 Zimmer, K\u00fcche und Bad<\/p>\n<p>-32,33 m\u00b2 Terrasse<\/p>\n<p>-Dach erneuert 2014<\/p>\n<p>-Fassade isoliert und Thermoputz 2014<\/p>\n<p>-Fernw\u00e4rme Heizung<\/p>\n<p>-Kunststofffenster Doppelverglast<\/p>\n<p>-Boden komplett gefliest<\/p>\n<p>-Bad mit gro\u00dfer Duschwanne<\/p>\n<p>-Wohnr\u00e4ume, K\u00fcche und Bad komplett gefliest.<\/p>\n<p>-Kellerraum<\/p>\n<p>&nbsp;<\/td>\n<\/tr>\n<\/tbody>\n<\/table>\n<p>Lage:<\/p>\n<p>Das frisch sanierte MFH mit 8 Wohnungen befindet sich in einer attraktiven, gewachsenen Wohnlage im s\u00fcd\u00f6stlichen Stadtteil Anfang Gremmendorf von M\u00fcnster. Ein absolutes Positivum ist die hervorragende, ruhige Randlage. Ferner ist das passende Umfeld mit attraktivem und angenehmem Publikum hervorzuheben. Einerseits wird Ihnen hier ein ruhiges Wohnen geboten, andererseits gelangen Sie sogar per Rad schnell ins Gr\u00fcne und durch die hervorragende Infrastruktur schnell in die Innenstadt M\u00fcnster.<\/p>\n<p>&nbsp;<\/p>\n<p>Infrastruktur<\/p>\n<p>\u2013 Die Schulen, Banken und der Einkauf des t\u00e4glichen Bedarfs liegen im Radius\u00a0 vom\u00a0\u00a0\u00a0 500m.<br \/>\n\u2013 Auch\u00a0 Fu\u00dfl\u00e4ufig\u00a0 erreichen Sie die Einkaufstr. Albersloherweg mit<br \/>\nverschiedenen Einzelhandelsl\u00e4den und\u00a0 Discounterm\u00e4rkten.<br \/>\n\u2013 Per PKW oder Linienbus erreichen Sie in wenigen Minuten den historischen Stadtkern\u00a0\u00a0 M\u00fcnsters mit seinen vielf\u00e4ltigen kulturellen Highlights und den beliebten\u00a0\u00a0 Einkaufsstra\u00dfen.<br \/>\n\u2013 Die \u00fcberregionale Verkehrsanbindung M\u00fcnsters ist durch die Umgehungsstr.<br \/>\nmit ca. 1 km Entfernung bis zu den Autobahnanschl\u00fcssen\u00a0 A1 und A43 gesichert.<\/p>\n","protected":false},"excerpt":{"rendered":"<p>Objekt: Die Erdgeschoss Wohnung befindet sich im EG eines kernsanierten Wohnhauses mit 8 Einheiten. -Wohnzimmer\u00a0\u00a0\u00a0\u00a0\u00a0\u00a0\u00a0\u00a0\u00a0\u00a0\u00a0\u00a0\u00a0\u00a0\u00a0\u00a0\u00a0\u00a0\u00a0\u00a0\u00a0\u00a0 22,69 m\u00b2 -Schlafzimmer\u00a0\u00a0\u00a0\u00a0\u00a0\u00a0\u00a0\u00a0\u00a0\u00a0\u00a0\u00a0\u00a0\u00a0\u00a0\u00a0\u00a0\u00a0\u00a0\u00a0\u00a0 22,14 m\u00b2 -Arbeitszimmer\u00a0\u00a0\u00a0\u00a0\u00a0\u00a0\u00a0\u00a0\u00a0\u00a0\u00a0\u00a0\u00a0\u00a0\u00a0\u00a0\u00a0\u00a0\u00a0\u00a0 14,57 m\u00b2 -Diele\u00a0 \u00a0 \u00a0 \u00a0 \u00a0 \u00a0 \u00a0 \u00a0 \u00a0 \u00a0 \u00a0 \u00a0 \u00a0 \u00a0 \u00a0 \u00a0 \u00a0 \u00a0 \u00a0 \u00a0 7,86 m\u00b2 -K\u00fcche\u00a0 \u00a0 \u00a0 \u00a0 \u00a0 \u00a0 \u00a0 \u00a0 \u00a0 \u00a0 [&hellip;]<\/p>\n","protected":false},"author":2,"featured_media":19575,"parent":0,"menu_order":0,"template":"","property_type":[31,81],"property_status":[123],"property_feature":[],"property_label":[43],"property_country":[115],"property_state":[139],"property_city":[136],"property_area":[149],"class_list":["post-19577","property","type-property","status-publish","has-post-thumbnail","hentry","property_type-private-immobilien","property_type-vermietung","property_status-zur-vermietung","property_label-exklusiv","property_country-deutschland","property_state-nordrhein-westfalen","property_city-muenster","property_area-gremmendorf"],"property_meta":{"fave_property_bathrooms":["1"],"fave_property_bedrooms":["2"],"fave_property_rooms":["3"],"fave_property_size":["103"],"fave_property_year":["1960, Saniert 2014"],"fave_property_price":["1000"],"fave_property_price_postfix":["Kaltmiete"],"fave_show_price_placeholder":["0"],"additional_features":["a:4:{i:0;a:2:{s:29:\"fave_additional_feature_title\";s:15:\"Gro\u00dfe Terrasse\";s:29:\"fave_additional_feature_value\";s:6:\"32 m\u00b2\";}i:1;a:2:{s:29:\"fave_additional_feature_title\";s:10:\"Kellerraum\";s:29:\"fave_additional_feature_value\";s:0:\"\";}i:2;a:2:{s:29:\"fave_additional_feature_title\";s:7:\"Fenster\";s:29:\"fave_additional_feature_value\";s:14:\"Doppelverglast\";}i:3;a:2:{s:29:\"fave_additional_feature_title\";s:3:\"Bad\";s:29:\"fave_additional_feature_value\";s:14:\"mit Duschwanne\";}}"],"fave_additional_features_enable":["enable"],"fave_featured":["0"],"houzez_featured_listing_date":[""],"fave_loggedintoview":["0"],"fave_neben-und-betriebskosten":["220"],"fave_heizkosten":["inkl. Heizkosten"],"fave_c3bcbergabe-ab":["01.02.2025"],"fave_gc3a4ste-wc":["Nein"],"fave_anzahl-terrasse":["1"],"fave_einbaukc3bcche-vorhanden":["Nein"],"fave_property_zip":["48167"],"fave_property_map_address":["Zum Erlenbusch 12, M\u00fcnster, 48167, Deutschland"],"fave_property_address":["Zum Erlenbusch 12, M\u00fcnster, 48167, Deutschland"],"houzez_geolocation_lat":["51.9251411"],"houzez_geolocation_long":["7.6744284"],"fave_property_location":["51.9251411,7.6744284"],"fave_property_map":["1"],"fave_property_map_street_view":["hide"],"fave_property_id":["Cki 1544"],"fave_property_disclaimer":["Eine Haftung f\u00fcr die Richtigkeit und Vollst\u00e4ndigkeit der Angebote werden von uns nicht \u00fcbernommen. Die Ausk\u00fcnfte \u00fcber die Angebote werden uns lediglich durch den Auftraggeber erteilt."],"fave_energy_global_index":["104,40"],"fave_renewable_energy_global_index":["Verbrauch"],"fave_energy_performance":["Ja"],"fave_epc_current_rating":["Gas"],"fave_epc_potential_rating":["01.05.2024-01.05.2034"],"fave_payment_status":["not_paid"],"fave_agent_display_option":["author_info"],"fave_mortgage_cal":["0"],"_edit_lock":["1769004369:1"],"_edit_last":["1"],"fave_single_top_area":["global"],"fave_single_content_area":["global"],"houzez_manual_expire":["0"],"_houzez_expiration_date_status":["saved"],"houzez_total_property_views":["54"],"houzez_views_by_date":["a:39:{s:10:\"01-21-2026\";i:1;s:10:\"01-22-2026\";i:4;s:10:\"01-23-2026\";i:2;s:10:\"01-26-2026\";i:1;s:10:\"01-31-2026\";i:1;s:10:\"02-10-2026\";i:1;s:10:\"02-13-2026\";i:2;s:10:\"02-16-2026\";i:1;s:10:\"02-19-2026\";i:1;s:10:\"02-28-2026\";i:1;s:10:\"03-04-2026\";i:1;s:10:\"03-07-2026\";i:1;s:10:\"03-10-2026\";i:2;s:10:\"03-13-2026\";i:1;s:10:\"03-15-2026\";i:1;s:10:\"03-17-2026\";i:1;s:10:\"03-18-2026\";i:1;s:10:\"03-20-2026\";i:1;s:10:\"03-22-2026\";i:1;s:10:\"03-24-2026\";i:2;s:10:\"03-25-2026\";i:1;s:10:\"03-26-2026\";i:1;s:10:\"03-29-2026\";i:4;s:10:\"03-30-2026\";i:1;s:10:\"03-31-2026\";i:1;s:10:\"04-02-2026\";i:2;s:10:\"04-04-2026\";i:1;s:10:\"04-07-2026\";i:2;s:10:\"04-09-2026\";i:2;s:10:\"04-11-2026\";i:1;s:10:\"04-12-2026\";i:1;s:10:\"04-15-2026\";i:1;s:10:\"04-16-2026\";i:1;s:10:\"04-18-2026\";i:1;s:10:\"04-19-2026\";i:1;s:10:\"04-20-2026\";i:1;s:10:\"04-22-2026\";i:2;s:10:\"04-23-2026\";i:1;s:10:\"04-28-2026\";i:2;}"],"houzez_recently_viewed":["2026-04-28 22:01:55"],"fave_property_garage":[""],"fave_property_garage_size":[""],"fave_property_price_placeholder":[""],"fave_property_price_prefix":[""],"fave_property_sec_price":[""],"floor_plans":[""],"fave_multi_units":[""],"fave_virtual_tour":[""],"fave_video_url":[""],"fave_property_images":["19575","19567","19568","19569","19570","19571","19572","19573","19574","19566"],"_thumbnail_id":["19575"],"fave_attachments":["19576"],"fave_private_note":[""],"fave_energy_class":[""],"_elementor_page_assets":["a:0:{}"]},"_links":{"self":[{"href":"https:\/\/citykontaktimmobilien.de\/index.php?rest_route=\/wp\/v2\/Objekte\/19577","targetHints":{"allow":["GET"]}}],"collection":[{"href":"https:\/\/citykontaktimmobilien.de\/index.php?rest_route=\/wp\/v2\/Objekte"}],"about":[{"href":"https:\/\/citykontaktimmobilien.de\/index.php?rest_route=\/wp\/v2\/types\/property"}],"author":[{"embeddable":true,"href":"https:\/\/citykontaktimmobilien.de\/index.php?rest_route=\/wp\/v2\/users\/2"}],"version-history":[{"count":2,"href":"https:\/\/citykontaktimmobilien.de\/index.php?rest_route=\/wp\/v2\/Objekte\/19577\/revisions"}],"predecessor-version":[{"id":19668,"href":"https:\/\/citykontaktimmobilien.de\/index.php?rest_route=\/wp\/v2\/Objekte\/19577\/revisions\/19668"}],"wp:featuredmedia":[{"embeddable":true,"href":"https:\/\/citykontaktimmobilien.de\/index.php?rest_route=\/wp\/v2\/media\/19575"}],"wp:attachment":[{"href":"https:\/\/citykontaktimmobilien.de\/index.php?rest_route=%2Fwp%2Fv2%2Fmedia&parent=19577"}],"wp:term":[{"taxonomy":"property_type","embeddable":true,"href":"https:\/\/citykontaktimmobilien.de\/index.php?rest_route=%2Fwp%2Fv2%2Fproperty_type&post=19577"},{"taxonomy":"property_status","embeddable":true,"href":"https:\/\/citykontaktimmobilien.de\/index.php?rest_route=%2Fwp%2Fv2%2Fproperty_status&post=19577"},{"taxonomy":"property_feature","embeddable":true,"href":"https:\/\/citykontaktimmobilien.de\/index.php?rest_route=%2Fwp%2Fv2%2Fproperty_feature&post=19577"},{"taxonomy":"property_label","embeddable":true,"href":"https:\/\/citykontaktimmobilien.de\/index.php?rest_route=%2Fwp%2Fv2%2Fproperty_label&post=19577"},{"taxonomy":"property_country","embeddable":true,"href":"https:\/\/citykontaktimmobilien.de\/index.php?rest_route=%2Fwp%2Fv2%2Fproperty_country&post=19577"},{"taxonomy":"property_state","embeddable":true,"href":"https:\/\/citykontaktimmobilien.de\/index.php?rest_route=%2Fwp%2Fv2%2Fproperty_state&post=19577"},{"taxonomy":"property_city","embeddable":true,"href":"https:\/\/citykontaktimmobilien.de\/index.php?rest_route=%2Fwp%2Fv2%2Fproperty_city&post=19577"},{"taxonomy":"property_area","embeddable":true,"href":"https:\/\/citykontaktimmobilien.de\/index.php?rest_route=%2Fwp%2Fv2%2Fproperty_area&post=19577"}],"curies":[{"name":"wp","href":"https:\/\/api.w.org\/{rel}","templated":true}]}}