{"id":19591,"date":"2026-01-21T01:17:32","date_gmt":"2026-01-21T01:17:32","guid":{"rendered":"https:\/\/city.maxim-design.de\/?post_type=property&#038;p=19591"},"modified":"2026-03-05T14:25:49","modified_gmt":"2026-03-05T14:25:49","slug":"exklusive-2-zimmer-wohnung-mit-ebk-und-balkonen-u-blick-ins-gruene","status":"publish","type":"property","link":"https:\/\/citykontaktimmobilien.de\/?property=exklusive-2-zimmer-wohnung-mit-ebk-und-balkonen-u-blick-ins-gruene","title":{"rendered":"Exklusive 2-Zimmer-Wohnung mit EBK und Balkonen u. Blick ins Gr\u00fcne"},"content":{"rendered":"<p>Objekt:<\/p>\n<p>Die Wohnung befindet sich in einem Mehr-Parteien-Haus in der 1. Etage mit Balkon und besitzt einen sch\u00f6nen Blick in den gr\u00fcnen Innenhof. Das Haus ist im Anfang 2018 (Massivbauweise) fertiggestellt worden.<\/p>\n<p>Die Wohnung teilt sich auf wie folgt:<\/p>\n<p>Wohnen\/Essen\u00a0\u00a0\u00a0\u00a0\u00a0\u00a0\u00a0\u00a0\u00a0 \u00a0\u00a0\u00a021,84 m\u00b2<\/p>\n<p>Offene K\u00fcche\u00a0\u00a0\u00a0\u00a0 \u00a0\u00a0\u00a0\u00a0 \u00a0\u00a0\u00a0\u00a0\u00a0\u00a07,18 m\u00b2<\/p>\n<p>Schlafzimmer\u00a0\u00a0\u00a0\u00a0\u00a0\u00a0\u00a0\u00a0\u00a0\u00a0\u00a0\u00a0 \u00a0\u00a015,83 m\u00b2<\/p>\n<p>Bad\u00a0\u00a0\u00a0\u00a0\u00a0\u00a0\u00a0\u00a0 \u00a0\u00a0\u00a0\u00a0\u00a0\u00a0\u00a0\u00a0\u00a0 \u00a0\u00a0\u00a0\u00a0\u00a0\u00a0\u00a0\u00a0\u00a0\u00a0\u00a05,73 m\u00b2<\/p>\n<p>Diele\u00a0\u00a0\u00a0\u00a0 \u00a0\u00a0\u00a0\u00a0\u00a0\u00a0\u00a0\u00a0\u00a0\u00a0\u00a0\u00a0\u00a0\u00a0\u00a0\u00a0\u00a0\u00a0\u00a0\u00a0 \u00a0\u00a0\u00a05,92 m\u00b2<\/p>\n<p>Loggia zu 50 m\u00b2 in Wfl. \u00a0\u00a02,59 m\u00b2 (5,18 m\u00b2)<\/p>\n<p>Die K\u00fcche ist\u00a0 mit EBK inkl. Elektroger\u00e4ten ausgestattet. Die K\u00fcche ist 7 Jahre alt und kann \u00fcbernommen werden.<\/p>\n<p>Zu der Wohnung geh\u00f6rt noch weitere Kellerraum, Waschkeller sowie ein TG-Stellplatz.<\/p>\n<p>TG- Stellplatz wird 90,00\u20ac\/mtl. berechnet<\/p>\n<p>&nbsp;<\/p>\n<p>Ausstattung:<\/p>\n<p>Die Wohnung verf\u00fcgt \u00fcber:<br \/>\n\u2013 2 Zimmer<br \/>\n\u2013 K\u00fcche<br \/>\n\u2013 Bad mit Dusche<br \/>\n\u2013 Diele<br \/>\n\u2013 2 Balkone<br \/>\n\u2013 allgemeine Waschk\u00fcche mit Waschger\u00e4ten<br \/>\n\u2013 Kellerraum<\/p>\n<p>Sie ist wie folgt ausgestattet:<br \/>\n\u2013 komplett geflieste B\u00f6den<br \/>\n\u2013 bodentiefe Isolierfenster<br \/>\n\u2013 lichtdurchflutete R\u00e4umlichkeiten<br \/>\n\u2013 zentrale Gasheizung<\/p>\n<p>Stellplatz 25,00 \u20ac\/mtl.<\/p>\n<p>&nbsp;<\/p>\n<p>Lage:<\/p>\n<p>Gehobenes Wohngebiet in Altgievenbeck in der N\u00e4he des UKM mit mehreren Neubaugeb\u00e4uden, EFH, DHH und Mehrfamilienh\u00e4usern im Nord-Westen der Westfalenmetropole M\u00fcnster<\/p>\n<p>&nbsp;<\/p>\n<p>Infrastruktur<\/p>\n<p>Discounterm\u00e4rkte ,\u00a0 Sowie Lidl, Rewe, Biomarkt, und weitere kleinere\u00a0\u00a0\u00a0 L\u00e4den,<\/p>\n<p>\u00c4rzte, Apotheken, Banken 100m-300m im Gievenbecker Zentrum<\/p>\n<p>\u2013 Marktkaufzentrum mit zahlreichem Einzelhandel und Baumarkt 1,5km<\/p>\n<p>\u2013 5 km zur Innenstadt<\/p>\n<p>\u2013 800m zum UKM\u00a0 \u2013 1km, Coesfelder Kreuz P+R<\/p>\n<p>\u2013 Grundschule\/Gymnasium 300m\/700m<\/p>\n<p>\u2013 Umkreis von 300-800 m. mehrere Kindergarten und Grundschulen<\/p>\n<p>\u2013 Institute der WWU M\u00fcnster, Geophysik, Biochemie, etc. im Radius 1,5km<\/p>\n<p>\u2013 \u00d6PNV Linie 1,5,11,12,22 sowie mit dem Nachtbus N85 200m<\/p>\n<p>\u2013 B54 in 2,5 km<\/p>\n<p>\u2013 Autobahnen A1 MS-Nord (7km) u. A1\/A43 MS-S\u00fcd (6km) in kurzer Zeit erreichbar<\/p>\n<p>-Freizeit und Sportangebote im Radius von 1 km am \u201dGr\u00fcnen Finger\u201d mit Fu\u00dfball, Volleyball, Skate und Spielpl\u00e4tzen.<\/p>\n","protected":false},"excerpt":{"rendered":"<p>Objekt: Die Wohnung befindet sich in einem Mehr-Parteien-Haus in der 1. Etage mit Balkon und besitzt einen sch\u00f6nen Blick in den gr\u00fcnen Innenhof. Das Haus ist im Anfang 2018 (Massivbauweise) fertiggestellt worden. Die Wohnung teilt sich auf wie folgt: Wohnen\/Essen\u00a0\u00a0\u00a0\u00a0\u00a0\u00a0\u00a0\u00a0\u00a0 \u00a0\u00a0\u00a021,84 m\u00b2 Offene K\u00fcche\u00a0\u00a0\u00a0\u00a0 \u00a0\u00a0\u00a0\u00a0 \u00a0\u00a0\u00a0\u00a0\u00a0\u00a07,18 m\u00b2 Schlafzimmer\u00a0\u00a0\u00a0\u00a0\u00a0\u00a0\u00a0\u00a0\u00a0\u00a0\u00a0\u00a0 \u00a0\u00a015,83 m\u00b2 Bad\u00a0\u00a0\u00a0\u00a0\u00a0\u00a0\u00a0\u00a0 \u00a0\u00a0\u00a0\u00a0\u00a0\u00a0\u00a0\u00a0\u00a0 \u00a0\u00a0\u00a0\u00a0\u00a0\u00a0\u00a0\u00a0\u00a0\u00a0\u00a05,73 m\u00b2 Diele\u00a0\u00a0\u00a0\u00a0 [&hellip;]<\/p>\n","protected":false},"author":2,"featured_media":19585,"parent":0,"menu_order":0,"template":"","property_type":[31,81],"property_status":[123],"property_feature":[],"property_label":[43],"property_country":[115],"property_state":[139],"property_city":[136],"property_area":[150],"class_list":["post-19591","property","type-property","status-publish","has-post-thumbnail","hentry","property_type-private-immobilien","property_type-vermietung","property_status-zur-vermietung","property_label-exklusiv","property_country-deutschland","property_state-nordrhein-westfalen","property_city-muenster","property_area-gievenbeck"],"property_meta":{"fave_property_bathrooms":["1"],"fave_property_bedrooms":["1"],"fave_property_rooms":["2"],"fave_property_size":["59"],"fave_property_garage":["1"],"fave_property_garage_size":[""],"fave_property_year":["2017"],"fave_property_price":["930"],"fave_property_price_placeholder":[""],"fave_property_price_prefix":[""],"fave_property_price_postfix":["Kaltmiete"],"fave_property_sec_price":[""],"fave_show_price_placeholder":["0"],"additional_features":["a:1:{i:0;a:2:{s:29:\"fave_additional_feature_title\";s:0:\"\";s:29:\"fave_additional_feature_value\";s:0:\"\";}}"],"fave_additional_features_enable":["enable"],"floor_plans":[""],"fave_multi_units":[""],"fave_featured":["0"],"houzez_featured_listing_date":[""],"fave_virtual_tour":[""],"fave_loggedintoview":["0"],"fave_neben-und-betriebskosten":["190"],"fave_heizkosten":["inkl. Heizkosten"],"fave_c3bcbergabe-ab":["01.10.2025"],"fave_gc3a4ste-wc":["Nein"],"fave_anzahl-balkone":["1"],"fave_aufzug":["Ja"],"fave_preis-garage-mtl":["90"],"fave_video_url":[""],"fave_property_zip":["48161"],"fave_property_map_address":["Arnheimweg 21, M\u00fcnster, 48161, Deutschland"],"fave_property_address":["Arnheimweg 21, M\u00fcnster, 48161, Deutschland"],"houzez_geolocation_lat":["51.9660988"],"houzez_geolocation_long":["7.5773291"],"fave_property_location":["51.9660988,7.5773291"],"fave_property_map":["1"],"fave_property_map_street_view":[null],"fave_property_id":["Cki 1647"],"fave_private_note":[""],"fave_property_disclaimer":["Unsere Angebote basieren auf den Angaben unseres Auftraggebers. Eine Haftung f\u00fcr die Richtigkeit und Vollst\u00e4ndigkeit der Angebote werden von uns nicht \u00fcbernommen."],"fave_energy_class":["B"],"fave_energy_global_index":["58,10"],"fave_renewable_energy_global_index":["Verbrauch"],"fave_energy_performance":["Ja"],"fave_epc_current_rating":["Fernw\u00e4rme"],"fave_epc_potential_rating":["G\u00fcltig bis 01.01.2027"],"fave_payment_status":["not_paid"],"fave_agent_display_option":["author_info"],"fave_mortgage_cal":["0"],"houzez_total_property_views":["89"],"houzez_views_by_date":["a:41:{s:10:\"01-21-2026\";i:17;s:10:\"01-22-2026\";i:10;s:10:\"01-23-2026\";i:3;s:10:\"01-24-2026\";i:1;s:10:\"01-26-2026\";i:2;s:10:\"01-27-2026\";i:3;s:10:\"01-28-2026\";i:1;s:10:\"01-31-2026\";i:1;s:10:\"02-10-2026\";i:1;s:10:\"02-23-2026\";i:1;s:10:\"02-27-2026\";i:1;s:10:\"03-01-2026\";i:1;s:10:\"03-02-2026\";i:3;s:10:\"03-03-2026\";i:2;s:10:\"03-07-2026\";i:1;s:10:\"03-10-2026\";i:2;s:10:\"03-13-2026\";i:1;s:10:\"03-15-2026\";i:1;s:10:\"03-17-2026\";i:1;s:10:\"03-18-2026\";i:1;s:10:\"03-21-2026\";i:1;s:10:\"03-22-2026\";i:1;s:10:\"03-24-2026\";i:3;s:10:\"03-25-2026\";i:3;s:10:\"03-26-2026\";i:1;s:10:\"03-29-2026\";i:1;s:10:\"03-30-2026\";i:2;s:10:\"04-02-2026\";i:2;s:10:\"04-03-2026\";i:1;s:10:\"04-07-2026\";i:2;s:10:\"04-09-2026\";i:2;s:10:\"04-12-2026\";i:2;s:10:\"04-15-2026\";i:1;s:10:\"04-16-2026\";i:2;s:10:\"04-19-2026\";i:1;s:10:\"04-20-2026\";i:1;s:10:\"04-21-2026\";i:1;s:10:\"04-22-2026\";i:2;s:10:\"04-23-2026\";i:3;s:10:\"04-27-2026\";i:1;s:10:\"04-28-2026\";i:2;}"],"houzez_recently_viewed":["2026-04-28 19:38:11"],"fave_property_images":["19579","19580","19581","19582","19583","19584","19585","19586","19587","19588"],"_thumbnail_id":["19585"],"fave_attachments":["19590"],"_elementor_page_assets":["a:0:{}"]},"_links":{"self":[{"href":"https:\/\/citykontaktimmobilien.de\/index.php?rest_route=\/wp\/v2\/Objekte\/19591","targetHints":{"allow":["GET"]}}],"collection":[{"href":"https:\/\/citykontaktimmobilien.de\/index.php?rest_route=\/wp\/v2\/Objekte"}],"about":[{"href":"https:\/\/citykontaktimmobilien.de\/index.php?rest_route=\/wp\/v2\/types\/property"}],"author":[{"embeddable":true,"href":"https:\/\/citykontaktimmobilien.de\/index.php?rest_route=\/wp\/v2\/users\/2"}],"version-history":[{"count":2,"href":"https:\/\/citykontaktimmobilien.de\/index.php?rest_route=\/wp\/v2\/Objekte\/19591\/revisions"}],"predecessor-version":[{"id":19667,"href":"https:\/\/citykontaktimmobilien.de\/index.php?rest_route=\/wp\/v2\/Objekte\/19591\/revisions\/19667"}],"wp:featuredmedia":[{"embeddable":true,"href":"https:\/\/citykontaktimmobilien.de\/index.php?rest_route=\/wp\/v2\/media\/19585"}],"wp:attachment":[{"href":"https:\/\/citykontaktimmobilien.de\/index.php?rest_route=%2Fwp%2Fv2%2Fmedia&parent=19591"}],"wp:term":[{"taxonomy":"property_type","embeddable":true,"href":"https:\/\/citykontaktimmobilien.de\/index.php?rest_route=%2Fwp%2Fv2%2Fproperty_type&post=19591"},{"taxonomy":"property_status","embeddable":true,"href":"https:\/\/citykontaktimmobilien.de\/index.php?rest_route=%2Fwp%2Fv2%2Fproperty_status&post=19591"},{"taxonomy":"property_feature","embeddable":true,"href":"https:\/\/citykontaktimmobilien.de\/index.php?rest_route=%2Fwp%2Fv2%2Fproperty_feature&post=19591"},{"taxonomy":"property_label","embeddable":true,"href":"https:\/\/citykontaktimmobilien.de\/index.php?rest_route=%2Fwp%2Fv2%2Fproperty_label&post=19591"},{"taxonomy":"property_country","embeddable":true,"href":"https:\/\/citykontaktimmobilien.de\/index.php?rest_route=%2Fwp%2Fv2%2Fproperty_country&post=19591"},{"taxonomy":"property_state","embeddable":true,"href":"https:\/\/citykontaktimmobilien.de\/index.php?rest_route=%2Fwp%2Fv2%2Fproperty_state&post=19591"},{"taxonomy":"property_city","embeddable":true,"href":"https:\/\/citykontaktimmobilien.de\/index.php?rest_route=%2Fwp%2Fv2%2Fproperty_city&post=19591"},{"taxonomy":"property_area","embeddable":true,"href":"https:\/\/citykontaktimmobilien.de\/index.php?rest_route=%2Fwp%2Fv2%2Fproperty_area&post=19591"}],"curies":[{"name":"wp","href":"https:\/\/api.w.org\/{rel}","templated":true}]}}