{"id":19655,"date":"2026-01-21T02:54:48","date_gmt":"2026-01-21T02:54:48","guid":{"rendered":"https:\/\/city.maxim-design.de\/?post_type=property&#038;p=19655"},"modified":"2026-03-04T13:54:10","modified_gmt":"2026-03-04T13:54:10","slug":"kernsanierte-citywohnung-mit-balkon-in-herten","status":"publish","type":"property","link":"https:\/\/citykontaktimmobilien.de\/?property=kernsanierte-citywohnung-mit-balkon-in-herten","title":{"rendered":"Kernsanierte Citywohnung mit Balkon in Herten"},"content":{"rendered":"<p>Objekt:<\/p>\n<p>Die zur Vermietung stehende, Kernsanierte ca. 38,94 m\u00b2 Wohnung befindet sich in einem Wohn\/ Gesch\u00e4ftshaus in der 3. Etage mitten in der Hertener Fu\u00dfg\u00e4ngerzone.<\/p>\n<p>Alle 6 Wohnungst\u00fcren sind erneuert.<\/p>\n<p>5 Wohnungen sind vollst\u00e4ndig kernsaniert.<\/p>\n<p>Wohnfl\u00e4chen:<\/p>\n<p>Wohn\/Schlafen\u00a0 \u00a0 \u00a0 \u00a0 \u00a0 \u00a0 \u00a0 \u00a0 \u00a0 \u00a0 \u00a0 \u00a0 \u00a0 \u00a0 \u00a023,47 m\u00b2<\/p>\n<p>offene K\u00fcche\u00a0 \u00a0 \u00a0 \u00a0 \u00a0 \u00a0 \u00a0 \u00a0 \u00a0 \u00a0 \u00a0 \u00a0 \u00a0 \u00a0 \u00a0 \u00a0 \u00a0 \u00a0 3,49 m\u00b2<\/p>\n<p>Diele\u00a0 \u00a0 \u00a0 \u00a0 \u00a0 \u00a0 \u00a0 \u00a0 \u00a0 \u00a0 \u00a0 \u00a0 \u00a0 \u00a0 \u00a0 \u00a0 \u00a0 \u00a0 \u00a0 \u00a0 \u00a0 \u00a0 \u00a0 \u00a0 \u00a0 \u00a04,12 m\u00b2<\/p>\n<p>Bad mit Dusche\u00a0\u00a0\u00a0\u00a0\u00a0\u00a0\u00a0\u00a0\u00a0\u00a0\u00a0\u00a0\u00a0\u00a0\u00a0\u00a0\u00a0\u00a0\u00a0\u00a0\u00a0\u00a0\u00a0\u00a0\u00a0\u00a0\u00a0 \u00a0\u00a0\u00a04,29 m\u00b2<\/p>\n<p>Abstellraum\u00a0 \u00a0 \u00a0 \u00a0 \u00a0 \u00a0 \u00a0 \u00a0 \u00a0 \u00a0 \u00a0 \u00a0 \u00a0 \u00a0 \u00a0 \u00a0 \u00a0 \u00a0 \u00a00,96 m\u00b2<\/p>\n<p>Balkon (6,68 m\u00b2)\u00a0 \u00a0 \u00a0 \u00a0 \u00a0 \u00a0 \u00a0 \u00a0 \u00a0 \u00a0 \u00a0 \u00a0 \u00a0 \u00a0 \u00a03,34 m\u00b2<\/p>\n<p>\u2014\u2014\u2014\u2014\u2014\u2014\u2014\u2014\u2014\u2014\u2014\u2014\u2014\u2014\u2014\u2014\u2014\u2014<\/p>\n<p>Gesamt\u00a0 \u00a0 \u00a0 \u00a0 \u00a0 \u00a0 \u00a0 \u00a0 \u00a0 \u00a0 \u00a0 \u00a0 \u00a0 \u00a0 \u00a0 \u00a0 \u00a0 \u00a0 \u00a0 \u00a0 \u00a0 \u00a0 39,67 m\u00b2 + Keller<\/p>\n<p>Zu der Wohnung geh\u00f6rt noch ein Kellerraum, Zur Allgemeine Nutzung Waschkeller mit eigenen Waschmaschinenanschluss.<\/p>\n<p>&nbsp;<\/p>\n<p>Ausstattung:<\/p>\n<p>Auf jeder Etage 2 Wohnungen<\/p>\n<p>\u2013 5 Wohnungen vollst\u00e4ndig kernsaniert<\/p>\n<p>\u2013 Neue B\u00e4der<\/p>\n<p>\u2013 Fenster erneuert<\/p>\n<p>\u2013 Die alle 6 Wohnung Eingangst\u00fcren und Wohnungst\u00fcren erneuert<\/p>\n<p>\u2013 Boden komplett gefliest<\/p>\n<p>\u2013 1 Wohnzimmer mit offener K\u00fcche<\/p>\n<p>\u2013 Bad mit Dusche<\/p>\n<p>\u2013 Balkon ca. 6,7 m\u00b2<\/p>\n<p>\u2013 Kunststofffenster<\/p>\n<p>\u2013 Fernw\u00e4rme Heizung<\/p>\n<p>\u2013 Kellerraum<\/p>\n<p>&nbsp;<\/p>\n<p>Lage:<\/p>\n<p>Das Objekt befindet sich in einer Wohn\/ Gesch\u00e4ftsstr. mitten im Zentrum der Hertener Innenstadt. Umgeben ist es dementsprechend von den \u00fcblichen innerst\u00e4dtischen Gesch\u00e4ften, \u00c4mtern\/Beh\u00f6rden und Gastronomie.<\/p>\n<p>&nbsp;<\/p>\n<p>Infrastruktur:<\/p>\n<p>Banken, Schulen und der Einkauf des t\u00e4glichen Bedarfs liegen in unmittelbarer Umgebung.<\/p>\n<p>-Der Hertener HBF befindet sich in 300m Entfernung \u00f6stlich des Objekts\u00a0\u00a0 neben der Innenstadt.<\/p>\n<p>-Westlich 300m entfernt liegt das Schloss Herten mit seiner gro\u00dfen\u00a0\u00a0 Parkanlage mit seinen Teichseen die sich \u00fcber 2,5km bis in den S\u00fcden der\u00a0\u00a0 Stadt erstreckt.<\/p>\n<p>-1km s\u00fcd\u00f6stlich bzw. n\u00f6rdlich entfernt liegen mit dem Volkspark-Herten, dem \u00a0\u00a0Backumer Tal zwei weitere Gr\u00fcnanlagen mit diversen Gestaltungsm\u00f6glichkeiten f\u00fcr die Freizeit, z.B. Frei\/Hallenbad, Sportpl\u00e4tze, etc.<\/p>\n<p>\u2013 2,4km S\u00fcdlich liegt der Ewald See, sowie der Rhein-Herne-Kanal<\/p>\n<p>\u2013 7km.Das Schloss Westerholt mit dem zugeh\u00f6rigen Golf-Club ist 4km\u00a0\u00a0\u00a0\u00a0 entfernt.<\/p>\n<p>\u2013 Einige Sehensw\u00fcrdigkeiten wie z.B. das Horizontobservatorium, diverse\u00a0\u00a0 Zechen-Museen oder Halden zum Spazieren sind der Hertener Umgebung\u00a0\u00a0 zu finden.<\/p>\n","protected":false},"excerpt":{"rendered":"<p>Objekt: Die zur Vermietung stehende, Kernsanierte ca. 38,94 m\u00b2 Wohnung befindet sich in einem Wohn\/ Gesch\u00e4ftshaus in der 3. Etage mitten in der Hertener Fu\u00dfg\u00e4ngerzone. Alle 6 Wohnungst\u00fcren sind erneuert. 5 Wohnungen sind vollst\u00e4ndig kernsaniert. Wohnfl\u00e4chen: Wohn\/Schlafen\u00a0 \u00a0 \u00a0 \u00a0 \u00a0 \u00a0 \u00a0 \u00a0 \u00a0 \u00a0 \u00a0 \u00a0 \u00a0 \u00a0 \u00a023,47 m\u00b2 offene K\u00fcche\u00a0 \u00a0 [&hellip;]<\/p>\n","protected":false},"author":2,"featured_media":20504,"parent":0,"menu_order":0,"template":"","property_type":[31,81],"property_status":[123],"property_feature":[],"property_label":[],"property_country":[115],"property_state":[156],"property_city":[154],"property_area":[155],"class_list":["post-19655","property","type-property","status-publish","has-post-thumbnail","hentry","property_type-private-immobilien","property_type-vermietung","property_status-zur-vermietung","property_country-deutschland","property_state-recklinghausen","property_city-herten","property_area-mitte"],"property_meta":{"fave_property_bathrooms":["1"],"fave_property_bedrooms":["1"],"fave_property_rooms":["1"],"fave_property_size":["39"],"fave_property_garage":[""],"fave_property_garage_size":[""],"fave_property_year":["1974 Saniert 2023"],"fave_property_price":["400"],"fave_property_price_placeholder":[""],"fave_property_price_prefix":[""],"fave_property_price_postfix":["Kaltmiete"],"fave_property_sec_price":[""],"fave_show_price_placeholder":["0"],"additional_features":["a:3:{i:0;a:2:{s:29:\"fave_additional_feature_title\";s:11:\"Kernsaniert\";s:29:\"fave_additional_feature_value\";s:4:\"2022\";}i:1;a:2:{s:29:\"fave_additional_feature_title\";s:6:\"Balkon\";s:29:\"fave_additional_feature_value\";s:7:\"6,7 m\u00b2\";}i:2;a:2:{s:29:\"fave_additional_feature_title\";s:7:\"Heizung\";s:29:\"fave_additional_feature_value\";s:10:\"Fernw\u00e4rme\";}}"],"fave_additional_features_enable":["enable"],"floor_plans":[""],"fave_multi_units":[""],"fave_featured":["0"],"houzez_featured_listing_date":[""],"fave_virtual_tour":[""],"fave_loggedintoview":["0"],"fave_neben-und-betriebskosten":["110"],"fave_heizkosten":["inkl. Heizkosten"],"fave_c3bcbergabe-ab":["sofort"],"fave_gc3a4ste-wc":["Nein"],"fave_anzahl-balkone":["1"],"fave_einbaukc3bcche-vorhanden":["Nein"],"fave_aufzug":["Nein"],"fave_video_url":[""],"fave_property_zip":["45699"],"fave_property_map_address":["Antonius Stra\u00dfe 29"],"fave_property_address":["Antonius Stra\u00dfe 29"],"houzez_geolocation_lat":["51.4738690"],"houzez_geolocation_long":["7.4904690"],"fave_property_location":["51.4738690,7.4904690"],"fave_property_map":["1"],"fave_property_map_street_view":[null],"fave_property_id":["Cki 1410"],"fave_private_note":[""],"fave_property_disclaimer":["Eine Haftung f\u00fcr die Richtigkeit und Vollst\u00e4ndigkeit der Angebote werden von uns nicht \u00fcbernommen. Die Ausk\u00fcnfte \u00fcber die Angebote werden uns lediglich durch den Auftraggeber erteilt."],"fave_energy_class":[""],"fave_energy_global_index":["255"],"fave_renewable_energy_global_index":["Verbrauch"],"fave_energy_performance":["Nein"],"fave_epc_current_rating":["Fernw\u00e4rme"],"fave_epc_potential_rating":["Fr\u00fchstens bis 2034"],"fave_payment_status":["not_paid"],"fave_agent_display_option":["author_info"],"fave_mortgage_cal":["0"],"houzez_total_property_views":["104"],"houzez_views_by_date":["a:45:{s:10:\"01-21-2026\";i:16;s:10:\"01-22-2026\";i:24;s:10:\"01-23-2026\";i:7;s:10:\"01-26-2026\";i:1;s:10:\"01-27-2026\";i:3;s:10:\"01-29-2026\";i:1;s:10:\"01-31-2026\";i:1;s:10:\"02-06-2026\";i:1;s:10:\"02-13-2026\";i:1;s:10:\"02-15-2026\";i:1;s:10:\"02-16-2026\";i:3;s:10:\"02-17-2026\";i:1;s:10:\"02-24-2026\";i:1;s:10:\"02-28-2026\";i:1;s:10:\"03-01-2026\";i:3;s:10:\"03-02-2026\";i:1;s:10:\"03-03-2026\";i:1;s:10:\"03-07-2026\";i:1;s:10:\"03-10-2026\";i:2;s:10:\"03-13-2026\";i:1;s:10:\"03-14-2026\";i:1;s:10:\"03-15-2026\";i:1;s:10:\"03-17-2026\";i:1;s:10:\"03-18-2026\";i:1;s:10:\"03-20-2026\";i:1;s:10:\"03-22-2026\";i:2;s:10:\"03-24-2026\";i:1;s:10:\"03-25-2026\";i:1;s:10:\"03-27-2026\";i:1;s:10:\"03-29-2026\";i:1;s:10:\"03-30-2026\";i:1;s:10:\"03-31-2026\";i:1;s:10:\"04-02-2026\";i:2;s:10:\"04-06-2026\";i:1;s:10:\"04-07-2026\";i:1;s:10:\"04-09-2026\";i:2;s:10:\"04-11-2026\";i:1;s:10:\"04-12-2026\";i:1;s:10:\"04-13-2026\";i:1;s:10:\"04-16-2026\";i:3;s:10:\"04-20-2026\";i:2;s:10:\"04-21-2026\";i:1;s:10:\"04-22-2026\";i:1;s:10:\"04-23-2026\";i:3;s:10:\"04-28-2026\";i:1;}"],"houzez_recently_viewed":["2026-04-28 19:38:17"],"_edit_lock":["1769081963:1"],"fave_property_images":["20504","20505","20506","20507","20508","20509","20510","20511","20512","20513","20514","20515"],"_thumbnail_id":["20504"],"fave_attachments":["19654"],"_elementor_page_assets":["a:0:{}"]},"_links":{"self":[{"href":"https:\/\/citykontaktimmobilien.de\/index.php?rest_route=\/wp\/v2\/Objekte\/19655","targetHints":{"allow":["GET"]}}],"collection":[{"href":"https:\/\/citykontaktimmobilien.de\/index.php?rest_route=\/wp\/v2\/Objekte"}],"about":[{"href":"https:\/\/citykontaktimmobilien.de\/index.php?rest_route=\/wp\/v2\/types\/property"}],"author":[{"embeddable":true,"href":"https:\/\/citykontaktimmobilien.de\/index.php?rest_route=\/wp\/v2\/users\/2"}],"version-history":[{"count":2,"href":"https:\/\/citykontaktimmobilien.de\/index.php?rest_route=\/wp\/v2\/Objekte\/19655\/revisions"}],"predecessor-version":[{"id":19664,"href":"https:\/\/citykontaktimmobilien.de\/index.php?rest_route=\/wp\/v2\/Objekte\/19655\/revisions\/19664"}],"wp:featuredmedia":[{"embeddable":true,"href":"https:\/\/citykontaktimmobilien.de\/index.php?rest_route=\/wp\/v2\/media\/20504"}],"wp:attachment":[{"href":"https:\/\/citykontaktimmobilien.de\/index.php?rest_route=%2Fwp%2Fv2%2Fmedia&parent=19655"}],"wp:term":[{"taxonomy":"property_type","embeddable":true,"href":"https:\/\/citykontaktimmobilien.de\/index.php?rest_route=%2Fwp%2Fv2%2Fproperty_type&post=19655"},{"taxonomy":"property_status","embeddable":true,"href":"https:\/\/citykontaktimmobilien.de\/index.php?rest_route=%2Fwp%2Fv2%2Fproperty_status&post=19655"},{"taxonomy":"property_feature","embeddable":true,"href":"https:\/\/citykontaktimmobilien.de\/index.php?rest_route=%2Fwp%2Fv2%2Fproperty_feature&post=19655"},{"taxonomy":"property_label","embeddable":true,"href":"https:\/\/citykontaktimmobilien.de\/index.php?rest_route=%2Fwp%2Fv2%2Fproperty_label&post=19655"},{"taxonomy":"property_country","embeddable":true,"href":"https:\/\/citykontaktimmobilien.de\/index.php?rest_route=%2Fwp%2Fv2%2Fproperty_country&post=19655"},{"taxonomy":"property_state","embeddable":true,"href":"https:\/\/citykontaktimmobilien.de\/index.php?rest_route=%2Fwp%2Fv2%2Fproperty_state&post=19655"},{"taxonomy":"property_city","embeddable":true,"href":"https:\/\/citykontaktimmobilien.de\/index.php?rest_route=%2Fwp%2Fv2%2Fproperty_city&post=19655"},{"taxonomy":"property_area","embeddable":true,"href":"https:\/\/citykontaktimmobilien.de\/index.php?rest_route=%2Fwp%2Fv2%2Fproperty_area&post=19655"}],"curies":[{"name":"wp","href":"https:\/\/api.w.org\/{rel}","templated":true}]}}