{"id":19866,"date":"2026-01-27T00:19:08","date_gmt":"2026-01-27T00:19:08","guid":{"rendered":"https:\/\/city.maxim-design.de\/?post_type=property&#038;p=19866"},"modified":"2026-03-04T13:47:23","modified_gmt":"2026-03-04T13:47:23","slug":"wohnen-am-aassee-promenade-innenstadt","status":"publish","type":"property","link":"https:\/\/citykontaktimmobilien.de\/?property=wohnen-am-aassee-promenade-innenstadt","title":{"rendered":"Wohnen am Aassee\/Promenade\/Innenstadt"},"content":{"rendered":"<p>Objektbeschreibung<\/p>\n<p>Die zur Vermietung stehende, Renovierte\/Sanierte ETW mit 3 Zimmern, Diele, Flur, Bad, GWC, Abstellraum, Wintergarten und Aufzug befindet sich im 2. OG. in einem Wohn und Gesch\u00e4ftshaus in der Aegidiistra\u00dfe, an der Promenade fu\u00dfl\u00e4ufig direkt am Aasee in M\u00fcnster.<\/p>\n<p>Die Wohnung ist frei und kann ab sofort bezogen werden.<\/p>\n<p>Die Wohnung wurde im Jahre 2014 und 2023 teilsaniert. Zudem ist eine EBK inkl. Elektroger\u00e4ten eingebaut worden.<\/p>\n<p>Raumaufteilung Whg. 2:<\/p>\n<table>\n<tbody>\n<tr>\n<td colspan=\"2\">\n<table>\n<tbody>\n<tr>\n<td>\u00a0\u00a0 Fl\u00e4chen<\/td>\n<\/tr>\n<\/tbody>\n<\/table>\n<\/td>\n<\/tr>\n<tr>\n<td>Fl\u00e4chen<\/td>\n<td>m\u00b2<\/td>\n<\/tr>\n<tr>\n<td>\u2013 Diele<\/td>\n<td>7,02<\/td>\n<\/tr>\n<tr>\n<td>\u2013 Wohnzimmer<\/td>\n<td>48,12<\/td>\n<\/tr>\n<tr>\n<td>\u2013 K\u00fcche<\/td>\n<td>8,68<\/td>\n<\/tr>\n<tr>\n<td>\u2013 Abstellraum<\/td>\n<td>1,80<\/td>\n<\/tr>\n<tr>\n<td>\u2013 Schlafzimmer<\/td>\n<td>21,01<\/td>\n<\/tr>\n<tr>\n<td>\u2013 Arbeitszimmer<\/td>\n<td>12,45<\/td>\n<\/tr>\n<tr>\n<td>\u2013 Flur<\/td>\n<td>7,30<\/td>\n<\/tr>\n<tr>\n<td>\u2013 WC<\/td>\n<td>2,22<\/td>\n<\/tr>\n<tr>\n<td>\u2013 Bad<\/td>\n<td>6,12<\/td>\n<\/tr>\n<tr>\n<td>\u2013 Wintergarten<\/td>\n<td>15,82<\/td>\n<\/tr>\n<tr>\n<td>\u2013 Vorrat<\/td>\n<td>0,86<\/td>\n<\/tr>\n<tr>\n<td>Gesamt<\/td>\n<td>131,40<\/td>\n<\/tr>\n<tr>\n<td><\/td>\n<td><\/td>\n<\/tr>\n<tr>\n<td>Keller<\/td>\n<td>7,35<\/td>\n<\/tr>\n<tr>\n<td>Gemeinschaftsfl\u00e4chen<\/td>\n<td>279,08<\/td>\n<\/tr>\n<\/tbody>\n<\/table>\n<p>Zur der Wohnung geh\u00f6rt noch ein TG- Stellplatz 80,00\u20ac\/Mtl.<\/p>\n<p>Ausstattung<\/p>\n<p>Die Wohnung befindet sich in der zweiten Etage. Sie verf\u00fcgt \u00fcber,<\/p>\n<p>\u2013 ein Wohn-\/Esszimmer,<\/p>\n<p>\u2013 ein Schlafzimmer,<\/p>\n<p>\u2013 Arbeitszimmer<\/p>\n<p>\u2013 Wintergarten mit Aaseeblick<\/p>\n<p>\u2013 K\u00fcche ausgestattet mit EBK inkl. Elektroger\u00e4ten<\/p>\n<p>\u2013 Badezimmer mit Dusche komplett neu saniert<\/p>\n<p>\u2013 G\u00e4ste-WC.<\/p>\n<p>\u2013 Keller<\/p>\n<p>\u2013 Personenaufzug<\/p>\n<p>\u2013 Vinylb\u00f6den verlegt 2023<\/p>\n<p>\u2013 Das Bad und G\u00e4ste-WC sind wei\u00df gefliest.<\/p>\n<p>\u2013 Die Wohnung ist frisch renoviert und die T\u00fcren in den Wohnr\u00e4umlichkeiten<\/p>\n<p>sind in wei\u00df 2013 erneuert<\/p>\n<p>\u2013 Doppelverglaste Fenster<\/p>\n<p>\u2013 Kunststoffrolll\u00e4den<\/p>\n<p>\u2013 Zentrale Gasheizung<\/p>\n<p>Lage<\/p>\n<p>Die Wohnung befindet sich unmittelbar in der N\u00e4he vom Aasee und 200m. zur Innenstadt, Zentrum M\u00fcnsters. Von dort aus sind die Fu\u00dfg\u00e4ngerzone, der Domplatz sowie der Aasee oder die Promenade nur knappe 3-5 min. zu Fu\u00df entfernt.\u00a0 Die Wohnung bietet nicht nur ein hervorragendes Stadt Leben, sondern auch die gr\u00fcne Umgebung des Aasee Parks. Mit dem Auto \u00fcber die Weseler Str. erreichen Sie schnellstens die Autobahn Auffahrt A43 und A1.<\/p>\n","protected":false},"excerpt":{"rendered":"<p>Objektbeschreibung Die zur Vermietung stehende, Renovierte\/Sanierte ETW mit 3 Zimmern, Diele, Flur, Bad, GWC, Abstellraum, Wintergarten und Aufzug befindet sich im 2. OG. in einem Wohn und Gesch\u00e4ftshaus in der Aegidiistra\u00dfe, an der Promenade fu\u00dfl\u00e4ufig direkt am Aasee in M\u00fcnster. Die Wohnung ist frei und kann ab sofort bezogen werden. Die Wohnung wurde im Jahre [&hellip;]<\/p>\n","protected":false},"author":2,"featured_media":20373,"parent":0,"menu_order":0,"template":"","property_type":[31,81],"property_status":[123],"property_feature":[],"property_label":[133],"property_country":[115],"property_state":[153],"property_city":[136],"property_area":[155],"class_list":["post-19866","property","type-property","status-publish","has-post-thumbnail","hentry","property_type-private-immobilien","property_type-vermietung","property_status-zur-vermietung","property_label-referenzobjekt","property_country-deutschland","property_state-muenster","property_city-muenster","property_area-mitte"],"property_meta":{"fave_property_bathrooms":["1"],"fave_property_bedrooms":["2"],"fave_property_rooms":["3"],"fave_property_size":["131,40"],"fave_property_garage":[""],"fave_property_garage_size":[""],"fave_property_year":["1960, Saniert 2014 und 2024"],"fave_property_price":["1550"],"fave_property_price_placeholder":[""],"fave_property_price_prefix":[""],"fave_property_price_postfix":["Kaltmiete"],"fave_property_sec_price":[""],"fave_show_price_placeholder":["0"],"additional_features":["a:1:{i:0;a:2:{s:29:\"fave_additional_feature_title\";s:0:\"\";s:29:\"fave_additional_feature_value\";s:0:\"\";}}"],"fave_additional_features_enable":["enable"],"floor_plans":[""],"fave_multi_units":[""],"fave_featured":["0"],"houzez_featured_listing_date":[""],"fave_virtual_tour":[""],"fave_loggedintoview":["0"],"fave_neben-und-betriebskosten":["350"],"fave_heizkosten":["inkl. Heizkosten"],"fave_c3bcbergabe-ab":["01.02.2026"],"fave_gc3a4ste-wc":["Ja"],"fave_anzahl-balkone":["1"],"fave_einbaukc3bcche-vorhanden":["Ja"],"fave_aufzug":["Ja"],"fave_video_url":[""],"fave_property_zip":["48143"],"fave_property_map_address":["Aegidiistra\u00dfe 42, 48143 M\u00fcnster"],"fave_property_address":["Aegidiistra\u00dfe 42, 48143 M\u00fcnster"],"houzez_geolocation_lat":["51.9578603"],"houzez_geolocation_long":["7.6204887"],"fave_property_location":["51.9578603,7.6204887"],"fave_property_map":["1"],"fave_property_map_street_view":[null],"fave_property_id":["Cki 1664"],"fave_private_note":[""],"fave_property_disclaimer":["Unsere Angebote basieren auf den Angaben unseres Auftraggebers. Eine Haftung f\u00fcr die Richtigkeit und Vollst\u00e4ndigkeit der Angebote werden von uns nicht \u00fcbernommen."],"fave_energy_class":[""],"fave_energy_global_index":["131,30"],"fave_renewable_energy_global_index":["Verbrauch"],"fave_energy_performance":["Ja"],"fave_epc_current_rating":["Gas"],"fave_epc_potential_rating":["Mind. G\u00fcltig bis 2034"],"fave_payment_status":["not_paid"],"fave_agent_display_option":["author_info"],"fave_mortgage_cal":["0"],"houzez_total_property_views":["86"],"houzez_views_by_date":["a:52:{s:10:\"01-27-2026\";i:1;s:10:\"01-28-2026\";i:3;s:10:\"01-30-2026\";i:1;s:10:\"01-31-2026\";i:1;s:10:\"02-04-2026\";i:1;s:10:\"02-06-2026\";i:1;s:10:\"02-10-2026\";i:2;s:10:\"02-12-2026\";i:3;s:10:\"02-13-2026\";i:4;s:10:\"02-15-2026\";i:2;s:10:\"02-16-2026\";i:5;s:10:\"02-19-2026\";i:2;s:10:\"02-23-2026\";i:3;s:10:\"02-24-2026\";i:2;s:10:\"02-25-2026\";i:2;s:10:\"02-27-2026\";i:5;s:10:\"02-28-2026\";i:1;s:10:\"03-01-2026\";i:4;s:10:\"03-02-2026\";i:1;s:10:\"03-03-2026\";i:4;s:10:\"03-04-2026\";i:1;s:10:\"03-05-2026\";i:1;s:10:\"03-07-2026\";i:1;s:10:\"03-10-2026\";i:2;s:10:\"03-13-2026\";i:1;s:10:\"03-14-2026\";i:1;s:10:\"03-15-2026\";i:1;s:10:\"03-17-2026\";i:1;s:10:\"03-18-2026\";i:1;s:10:\"03-20-2026\";i:1;s:10:\"03-22-2026\";i:1;s:10:\"03-24-2026\";i:2;s:10:\"03-25-2026\";i:2;s:10:\"03-27-2026\";i:1;s:10:\"03-28-2026\";i:1;s:10:\"03-29-2026\";i:1;s:10:\"03-30-2026\";i:1;s:10:\"04-02-2026\";i:2;s:10:\"04-04-2026\";i:1;s:10:\"04-06-2026\";i:1;s:10:\"04-07-2026\";i:1;s:10:\"04-09-2026\";i:1;s:10:\"04-10-2026\";i:1;s:10:\"04-11-2026\";i:1;s:10:\"04-14-2026\";i:1;s:10:\"04-16-2026\";i:1;s:10:\"04-19-2026\";i:1;s:10:\"04-20-2026\";i:2;s:10:\"04-22-2026\";i:1;s:10:\"04-23-2026\";i:1;s:10:\"04-26-2026\";i:1;s:10:\"04-28-2026\";i:2;}"],"houzez_recently_viewed":["2026-04-28 22:00:42"],"houzez_expired_listing_date":["2026-03-01 11:30:38"],"fave_property_images":["20373","20374","20375","20376","20488","20489","20490","20491","20492","20493","20494","20495","20496","20497","20498","20499","20500","20501","20502","20503"],"_thumbnail_id":["20373"],"fave_attachments":["19865"],"_elementor_page_assets":["a:0:{}"]},"_links":{"self":[{"href":"https:\/\/citykontaktimmobilien.de\/index.php?rest_route=\/wp\/v2\/Objekte\/19866","targetHints":{"allow":["GET"]}}],"collection":[{"href":"https:\/\/citykontaktimmobilien.de\/index.php?rest_route=\/wp\/v2\/Objekte"}],"about":[{"href":"https:\/\/citykontaktimmobilien.de\/index.php?rest_route=\/wp\/v2\/types\/property"}],"author":[{"embeddable":true,"href":"https:\/\/citykontaktimmobilien.de\/index.php?rest_route=\/wp\/v2\/users\/2"}],"version-history":[{"count":2,"href":"https:\/\/citykontaktimmobilien.de\/index.php?rest_route=\/wp\/v2\/Objekte\/19866\/revisions"}],"predecessor-version":[{"id":20104,"href":"https:\/\/citykontaktimmobilien.de\/index.php?rest_route=\/wp\/v2\/Objekte\/19866\/revisions\/20104"}],"wp:featuredmedia":[{"embeddable":true,"href":"https:\/\/citykontaktimmobilien.de\/index.php?rest_route=\/wp\/v2\/media\/20373"}],"wp:attachment":[{"href":"https:\/\/citykontaktimmobilien.de\/index.php?rest_route=%2Fwp%2Fv2%2Fmedia&parent=19866"}],"wp:term":[{"taxonomy":"property_type","embeddable":true,"href":"https:\/\/citykontaktimmobilien.de\/index.php?rest_route=%2Fwp%2Fv2%2Fproperty_type&post=19866"},{"taxonomy":"property_status","embeddable":true,"href":"https:\/\/citykontaktimmobilien.de\/index.php?rest_route=%2Fwp%2Fv2%2Fproperty_status&post=19866"},{"taxonomy":"property_feature","embeddable":true,"href":"https:\/\/citykontaktimmobilien.de\/index.php?rest_route=%2Fwp%2Fv2%2Fproperty_feature&post=19866"},{"taxonomy":"property_label","embeddable":true,"href":"https:\/\/citykontaktimmobilien.de\/index.php?rest_route=%2Fwp%2Fv2%2Fproperty_label&post=19866"},{"taxonomy":"property_country","embeddable":true,"href":"https:\/\/citykontaktimmobilien.de\/index.php?rest_route=%2Fwp%2Fv2%2Fproperty_country&post=19866"},{"taxonomy":"property_state","embeddable":true,"href":"https:\/\/citykontaktimmobilien.de\/index.php?rest_route=%2Fwp%2Fv2%2Fproperty_state&post=19866"},{"taxonomy":"property_city","embeddable":true,"href":"https:\/\/citykontaktimmobilien.de\/index.php?rest_route=%2Fwp%2Fv2%2Fproperty_city&post=19866"},{"taxonomy":"property_area","embeddable":true,"href":"https:\/\/citykontaktimmobilien.de\/index.php?rest_route=%2Fwp%2Fv2%2Fproperty_area&post=19866"}],"curies":[{"name":"wp","href":"https:\/\/api.w.org\/{rel}","templated":true}]}}