{"id":20146,"date":"2026-02-23T17:21:18","date_gmt":"2026-02-23T17:21:18","guid":{"rendered":"https:\/\/city.maxim-design.de\/?post_type=property&#038;p=20146"},"modified":"2026-03-03T17:16:51","modified_gmt":"2026-03-03T17:16:51","slug":"kernsanierte-single-app-mit-ebk-u-balkon-naehe-ukm-und-mensa-2","status":"publish","type":"property","link":"https:\/\/citykontaktimmobilien.de\/?property=kernsanierte-single-app-mit-ebk-u-balkon-naehe-ukm-und-mensa-2","title":{"rendered":"Kernsanierte Single App mit EBK u. Balkon N\u00e4he UKM und Mensa 2"},"content":{"rendered":"<p>Objektbeschreibung<\/p>\n<p>Die zur Vermietung stehende, kernsanierte 36,00,00m\u00b2 Wohnung mit Balkon und EBK inkl. Elektroger\u00e4ten befindet sich im 1.OG eines MFH n\u00e4he Mensa 2, Universit\u00e4tskliniken am Coesfelder Kreuz.<\/p>\n<p>Das App. ist 2015 vollst\u00e4ndig kernsaniert.<\/p>\n<p>Die Wohnfl\u00e4chen verteilen sich wie folgt:<\/p>\n<p>-Wohnzimmer\u00a0\u00a0\u00a0\u00a0\u00a0\u00a0\u00a0\u00a0\u00a0\u00a0\u00a0\u00a0\u00a0\u00a0\u00a0\u00a0\u00a0\u00a0\u00a0 27,25 m\u00b2<\/p>\n<p>-Offene K\u00fcche\u00a0 Ausgestattet mit EBK Inkl. Elektroger\u00e4ten.<\/p>\n<p>-Getrennter Schlafbereich<\/p>\n<p>-Bad\u00a0 mit Dusche\u00a0 3,30 m\u00b2<\/p>\n<p>-Balkon\u00a0 4,3m\u00b2 (50%) 2,15 m\u00b2<\/p>\n<p>-Abstellraum\u00a0 0,85 m\u00b2<\/p>\n<p>-Diele 2,45 m\u00b2<\/p>\n<p>\u2014\u2014\u2014\u2014\u2014\u2014\u2014\u2014\u2014\u2014\u2014\u2014\u2014\u2014\u2014-<\/p>\n<p>Gesamt 36,00 m\u00b2<\/p>\n<p>&nbsp;<\/p>\n<p>Zur der Wohnung geh\u00f6rt noch;<\/p>\n<ul>\n<li>6,00 m\u00b2 Kellerraum.<\/li>\n<li>Autostellplatz\u00a0\u00a0\u00a0\u00a0\u00a0\u00a0\u00a0\u00a0\u00a0\u00a0\u00a0\u00a0\u00a0\u00a0\u00a0\u00a0\u00a0\u00a0 30,00\u20ac\/ Monatlich<\/li>\n<li>EBK Inkl. Elektroger\u00e4ten 30,00\u20ac\/ Monatlich<\/li>\n<\/ul>\n<p>&nbsp;<\/p>\n<p>Lage<\/p>\n<p>\u2013 Mensa\u00a0\u00a0\u00a0\u00a0\u00a0\u00a0\u00a0\u00a0\u00a0 100 m<\/p>\n<p>\u2013 Uniklinik\u00a0\u00a0\u00a0\u00a0\u00a0\u00a0 500 m<\/p>\n<p>\u2013 Schloss\u00a0\u00a0\u00a0\u00a0\u00a0\u00a0\u00a0 1,4 km<\/p>\n<p>\u2013 Aasee\u00a0\u00a0\u00a0\u00a0\u00a0\u00a0\u00a0\u00a0\u00a0\u00a0\u00a0 2 km<\/p>\n<p>\u2013 Innenstadt 2,8 km<\/p>\n<p>\u2013 im Umkreis von 2 km befinden sich fast alle Fachbereiche sowie Physik, Geologie, Mathematik, Biologie, Chemie und Informatik, Soziologie und Psychologie, Fachhochschule, Mensa und die Uniklinik mit ca. 7.300 Mitarbeitern.<\/p>\n<p>&nbsp;<\/p>\n<p>Ausstattung<\/p>\n<p>-Wohn\/ Schlafbereich<\/p>\n<p>-LED Beleuchtungen<\/p>\n<p>-K\u00fcche ausgestattet mit Elektroger\u00e4ten<\/p>\n<p>-Komplett geflieste B\u00f6den<\/p>\n<p>-Doppelverglaste Fenster von 2018<\/p>\n<p>-Balkon<\/p>\n<p>-Kellerraum<\/p>\n<p>&nbsp;<\/p>\n<p>Infrastruktur<\/p>\n<p>Das Objekt befindet sich mitten im Universit\u00e4tsgel\u00e4nde<br \/>\nMensa 100m<br \/>\nUKM ca. 500m<br \/>\nGievenbeck Centrum 800m.<br \/>\nAasee 2 km<br \/>\nSchloss 1,4 km<br \/>\nInnenstadt M\u00fcnster 3,0 km<br \/>\nIm Umkreis von einem Kilometer befinden sich s\u00e4mtliche \u00c4rzte, Banken, Discounterm\u00e4rkte und Gesch\u00e4fte des t\u00e4glichen Bedarfs.<br \/>\nDas Coesfelder Kreuz mit s\u00e4mtlichen Buslinien sowie die Mensa liegen direkt vor der T\u00fcr.<\/p>\n","protected":false},"excerpt":{"rendered":"<p>Objektbeschreibung Die zur Vermietung stehende, kernsanierte 36,00,00m\u00b2 Wohnung mit Balkon und EBK inkl. Elektroger\u00e4ten befindet sich im 1.OG eines MFH n\u00e4he Mensa 2, Universit\u00e4tskliniken am Coesfelder Kreuz. Das App. ist 2015 vollst\u00e4ndig kernsaniert. Die Wohnfl\u00e4chen verteilen sich wie folgt: -Wohnzimmer\u00a0\u00a0\u00a0\u00a0\u00a0\u00a0\u00a0\u00a0\u00a0\u00a0\u00a0\u00a0\u00a0\u00a0\u00a0\u00a0\u00a0\u00a0\u00a0 27,25 m\u00b2 -Offene K\u00fcche\u00a0 Ausgestattet mit EBK Inkl. Elektroger\u00e4ten. -Getrennter Schlafbereich -Bad\u00a0 mit Dusche\u00a0 3,30 [&hellip;]<\/p>\n","protected":false},"author":2,"featured_media":20138,"parent":0,"menu_order":0,"template":"","property_type":[31,81],"property_status":[126],"property_feature":[],"property_label":[54],"property_country":[115],"property_state":[153],"property_city":[136],"property_area":[161],"class_list":["post-20146","property","type-property","status-publish","has-post-thumbnail","hentry","property_type-private-immobilien","property_type-vermietung","property_status-vermietet","property_label-neu","property_country-deutschland","property_state-muenster","property_city-muenster","property_area-sentrup"],"property_meta":{"fave_property_bathrooms":["1"],"fave_property_bedrooms":["1"],"fave_property_rooms":["1"],"fave_property_size":["36"],"fave_property_garage":[""],"fave_property_garage_size":["1"],"fave_property_year":["1986"],"fave_property_price":["540"],"fave_property_price_placeholder":[""],"fave_property_price_prefix":[""],"fave_property_price_postfix":["Kaltmiete"],"fave_property_sec_price":[""],"fave_show_price_placeholder":["0"],"additional_features":["a:2:{i:0;a:2:{s:29:\"fave_additional_feature_title\";s:3:\"Bad\";s:29:\"fave_additional_feature_value\";s:16:\"Fu\u00dfbodenheizung\";}i:1;a:2:{s:29:\"fave_additional_feature_title\";s:0:\"\";s:29:\"fave_additional_feature_value\";s:0:\"\";}}"],"fave_additional_features_enable":["enable"],"floor_plans":[""],"fave_multi_units":[""],"fave_featured":["0"],"houzez_featured_listing_date":[""],"fave_virtual_tour":[""],"fave_loggedintoview":["0"],"fave_neben-und-betriebskosten":["140"],"fave_heizkosten":["inkl. Heizkosten"],"fave_c3bcbergabe-ab":["01.03.2026"],"fave_preis-stellplatz-mtl":["35"],"fave_gc3a4ste-wc":["Nein"],"fave_anzahl-balkone":["1"],"fave_einbaukc3bcche-vorhanden":["Ja"],"fave_preis-einbaukc3bcche-mtl":["30"],"fave_aufzug":["Nein"],"fave_video_url":[""],"fave_property_zip":["48149"],"fave_property_map_address":["Von-Esmarch-Stra\u00dfe 28, 48149 M\u00fcnster"],"fave_property_address":["Von-Esmarch-Stra\u00dfe 28, 48149 M\u00fcnster"],"houzez_geolocation_lat":["51.9654106"],"houzez_geolocation_long":["7.5952113"],"fave_property_location":["51.9654106,7.5952113"],"fave_property_map":["1"],"fave_property_map_street_view":[null],"fave_property_id":["Cki 1675"],"fave_private_note":[""],"fave_property_disclaimer":["Alle Angaben in diesem Expos\u00e9 wurden mit gr\u00f6\u00dftm\u00f6glicher Sorgfalt zusammengestellt. Die Informationen beruhen auf Angaben des Eigent\u00fcmers oder Dritter. F\u00fcr die Richtigkeit, Vollst\u00e4ndigkeit und Aktualit\u00e4t wird keine Gew\u00e4hr \u00fcbernommen. Irrtum und Zwischenverkauf oder Zwischenvermietung bleiben vorbehalten."],"fave_energy_class":[""],"fave_energy_global_index":["159"],"fave_renewable_energy_global_index":["Verbrauch"],"fave_energy_performance":["ja"],"fave_epc_current_rating":["Gas"],"fave_epc_potential_rating":["G\u00fcltig bis 02.05.2029"],"fave_payment_status":["not_paid"],"fave_agent_display_option":["author_info"],"fave_mortgage_cal":["0"],"houzez_total_property_views":["78"],"houzez_views_by_date":["a:40:{s:10:\"02-23-2026\";i:7;s:10:\"02-24-2026\";i:4;s:10:\"02-25-2026\";i:5;s:10:\"02-26-2026\";i:1;s:10:\"02-27-2026\";i:7;s:10:\"03-01-2026\";i:3;s:10:\"03-02-2026\";i:3;s:10:\"03-03-2026\";i:6;s:10:\"03-04-2026\";i:1;s:10:\"03-07-2026\";i:1;s:10:\"03-10-2026\";i:2;s:10:\"03-13-2026\";i:1;s:10:\"03-15-2026\";i:1;s:10:\"03-17-2026\";i:2;s:10:\"03-18-2026\";i:1;s:10:\"03-21-2026\";i:1;s:10:\"03-22-2026\";i:1;s:10:\"03-24-2026\";i:3;s:10:\"03-25-2026\";i:1;s:10:\"03-26-2026\";i:1;s:10:\"03-29-2026\";i:1;s:10:\"03-30-2026\";i:1;s:10:\"03-31-2026\";i:1;s:10:\"04-02-2026\";i:2;s:10:\"04-03-2026\";i:2;s:10:\"04-06-2026\";i:1;s:10:\"04-07-2026\";i:1;s:10:\"04-08-2026\";i:1;s:10:\"04-09-2026\";i:2;s:10:\"04-10-2026\";i:2;s:10:\"04-11-2026\";i:1;s:10:\"04-15-2026\";i:1;s:10:\"04-16-2026\";i:1;s:10:\"04-19-2026\";i:1;s:10:\"04-20-2026\";i:1;s:10:\"04-21-2026\";i:2;s:10:\"04-22-2026\";i:1;s:10:\"04-23-2026\";i:2;s:10:\"04-27-2026\";i:1;s:10:\"04-28-2026\";i:1;}"],"houzez_recently_viewed":["2026-04-28 15:32:02"],"fave_property_images":["20138","20139","20136","20140","20141","20142","20144","20143"],"_thumbnail_id":["20138"],"fave_attachments":["20145"],"_elementor_page_assets":["a:0:{}"]},"_links":{"self":[{"href":"https:\/\/citykontaktimmobilien.de\/index.php?rest_route=\/wp\/v2\/Objekte\/20146","targetHints":{"allow":["GET"]}}],"collection":[{"href":"https:\/\/citykontaktimmobilien.de\/index.php?rest_route=\/wp\/v2\/Objekte"}],"about":[{"href":"https:\/\/citykontaktimmobilien.de\/index.php?rest_route=\/wp\/v2\/types\/property"}],"author":[{"embeddable":true,"href":"https:\/\/citykontaktimmobilien.de\/index.php?rest_route=\/wp\/v2\/users\/2"}],"version-history":[{"count":2,"href":"https:\/\/citykontaktimmobilien.de\/index.php?rest_route=\/wp\/v2\/Objekte\/20146\/revisions"}],"predecessor-version":[{"id":20148,"href":"https:\/\/citykontaktimmobilien.de\/index.php?rest_route=\/wp\/v2\/Objekte\/20146\/revisions\/20148"}],"wp:featuredmedia":[{"embeddable":true,"href":"https:\/\/citykontaktimmobilien.de\/index.php?rest_route=\/wp\/v2\/media\/20138"}],"wp:attachment":[{"href":"https:\/\/citykontaktimmobilien.de\/index.php?rest_route=%2Fwp%2Fv2%2Fmedia&parent=20146"}],"wp:term":[{"taxonomy":"property_type","embeddable":true,"href":"https:\/\/citykontaktimmobilien.de\/index.php?rest_route=%2Fwp%2Fv2%2Fproperty_type&post=20146"},{"taxonomy":"property_status","embeddable":true,"href":"https:\/\/citykontaktimmobilien.de\/index.php?rest_route=%2Fwp%2Fv2%2Fproperty_status&post=20146"},{"taxonomy":"property_feature","embeddable":true,"href":"https:\/\/citykontaktimmobilien.de\/index.php?rest_route=%2Fwp%2Fv2%2Fproperty_feature&post=20146"},{"taxonomy":"property_label","embeddable":true,"href":"https:\/\/citykontaktimmobilien.de\/index.php?rest_route=%2Fwp%2Fv2%2Fproperty_label&post=20146"},{"taxonomy":"property_country","embeddable":true,"href":"https:\/\/citykontaktimmobilien.de\/index.php?rest_route=%2Fwp%2Fv2%2Fproperty_country&post=20146"},{"taxonomy":"property_state","embeddable":true,"href":"https:\/\/citykontaktimmobilien.de\/index.php?rest_route=%2Fwp%2Fv2%2Fproperty_state&post=20146"},{"taxonomy":"property_city","embeddable":true,"href":"https:\/\/citykontaktimmobilien.de\/index.php?rest_route=%2Fwp%2Fv2%2Fproperty_city&post=20146"},{"taxonomy":"property_area","embeddable":true,"href":"https:\/\/citykontaktimmobilien.de\/index.php?rest_route=%2Fwp%2Fv2%2Fproperty_area&post=20146"}],"curies":[{"name":"wp","href":"https:\/\/api.w.org\/{rel}","templated":true}]}}