{"id":20356,"date":"2026-03-01T11:10:20","date_gmt":"2026-03-01T11:10:20","guid":{"rendered":"https:\/\/city.maxim-design.de\/?post_type=property&#038;p=20356"},"modified":"2026-03-02T13:51:22","modified_gmt":"2026-03-02T13:51:22","slug":"38400-m%c2%b2-kalthalle-mit-rampe-und-rolltoren-muenster-roxel","status":"publish","type":"property","link":"https:\/\/citykontaktimmobilien.de\/?property=38400-m%c2%b2-kalthalle-mit-rampe-und-rolltoren-muenster-roxel","title":{"rendered":"384,00 m\u00b2 Kalthalle mit Rampe und Rolltoren M\u00fcnster-Roxel"},"content":{"rendered":"<p><strong>Objektbeschreibung:<\/strong><\/p>\n<p>Die zur Vermietung stehende Gewerbe Kalthalle mit Rampe und \u00a02 Rolltoren ist im<\/p>\n<p>Jahre 2006 auf einem 500,00 m\u00b2 Grundst\u00fcck gebaut und\u00a0 befindet sich in<\/p>\n<p>M\u00fcnster-Roxel.<\/p>\n<p>Die Halle ist mit gro\u00dfen LKW \u00fcber Nottulner Landweg einfach an die Rampe befahrbar.<\/p>\n<p>\u2013\u00a0 Lagerfl\u00e4che\u00a0\u00a0\u00a0\u00a0\u00a0\u00a0\u00a0\u00a0\u00a0\u00a0\u00a0 384 m\u00b2<\/p>\n<p>\u2013\u00a0 Rampenfl\u00e4che\u00a0\u00a0\u00a0\u00a0\u00a0\u00a0\u00a0 100 m\u00b2<\/p>\n<p>\u2013\u00a0 Deckenh\u00f6he\u00a0\u00a0 4,30-5,00m.<\/p>\n<p>\u2013\u00a0 Betonb\u00f6den<\/p>\n<p>\u2013\u00a0 Rampe<\/p>\n<p>\u2013\u00a0 2 Rolltoren<\/p>\n<p>\u2013\u00a0 Eingangst\u00fcr<\/p>\n<p>\u2013\u00a0 Beleuchtungen<\/p>\n<p>\u2013\u00a0 Starkstrom<\/p>\n<p>Die Halle ist derzeit mit Regalen ausgestattet. Die Regale k\u00f6nnen vom jetzigen Mieter<\/p>\n<p>\u00dcbernommen werden<\/p>\n<p><strong>Lagebeschreibung:<\/strong><\/p>\n<p>Die Kalthalle mit Rampe und 2 Rolltoren befindet sich\u00a0 im westlichen Stadtteil<\/p>\n<p>M\u00fcnster-Roxel.<\/p>\n<p><strong>Ausstattung:<\/strong><\/p>\n<p>Die Halle<\/p>\n<p>\u2013\u00a0 Lagerfl\u00e4che\u00a0\u00a0\u00a0 384 m\u00b2<\/p>\n<p>\u2013 Rampe u. Freifl\u00e4chen ca 100 m\u00b2<\/p>\n<p>\u2013\u00a0 Deckenh\u00f6he\u00a0\u00a0 4,30-5,00m<\/p>\n<p>\u2013\u00a0 Betonb\u00f6den<\/p>\n<p>\u2013\u00a0 Rampe<\/p>\n<p>\u2013\u00a0 2 Rolltoren<\/p>\n<p>\u2013\u00a0 Eingebaute Regale, die vom Mieter \u00fcbernommen werden kann<\/p>\n<p>\u2013\u00a0 Eingangst\u00fcr<\/p>\n<p>\u2013\u00a0 Beleuchtungen<\/p>\n<p><strong>Infrastruktur:<\/strong><\/p>\n<p>-ca.8km bis zur Innenstadt M\u00fcnster<\/p>\n<p>-Gewerbemischgebiet<\/p>\n<p>-Bahnhof Roxel, ca.300m.<\/p>\n<p>-Autobahnen A1 und A43, ca.5 km.<\/p>\n<p>&nbsp;<\/p>\n","protected":false},"excerpt":{"rendered":"<p>Objektbeschreibung: Die zur Vermietung stehende Gewerbe Kalthalle mit Rampe und \u00a02 Rolltoren ist im Jahre 2006 auf einem 500,00 m\u00b2 Grundst\u00fcck gebaut und\u00a0 befindet sich in M\u00fcnster-Roxel. Die Halle ist mit gro\u00dfen LKW \u00fcber Nottulner Landweg einfach an die Rampe befahrbar. \u2013\u00a0 Lagerfl\u00e4che\u00a0\u00a0\u00a0\u00a0\u00a0\u00a0\u00a0\u00a0\u00a0\u00a0\u00a0 384 m\u00b2 \u2013\u00a0 Rampenfl\u00e4che\u00a0\u00a0\u00a0\u00a0\u00a0\u00a0\u00a0 100 m\u00b2 \u2013\u00a0 Deckenh\u00f6he\u00a0\u00a0 4,30-5,00m. \u2013\u00a0 Betonb\u00f6den \u2013\u00a0 [&hellip;]<\/p>\n","protected":false},"author":2,"featured_media":20347,"parent":0,"menu_order":0,"template":"","property_type":[108,110],"property_status":[123],"property_feature":[],"property_label":[54],"property_country":[115],"property_state":[],"property_city":[136],"property_area":[151],"class_list":["post-20356","property","type-property","status-publish","has-post-thumbnail","hentry","property_type-gewerbliche-immobilien","property_type-vermietung-gewerbliche-immobilien","property_status-zur-vermietung","property_label-neu","property_country-deutschland","property_city-muenster","property_area-roxel"],"property_meta":{"fave_property_bathrooms":[""],"fave_property_bedrooms":[""],"fave_property_rooms":["1"],"fave_property_size":["384,00"],"fave_property_garage":[""],"fave_property_garage_size":[""],"fave_property_year":["2006"],"fave_property_price":["2000"],"fave_property_price_placeholder":[""],"fave_property_price_prefix":[""],"fave_property_price_postfix":["Kaltmiete"],"fave_property_sec_price":[""],"fave_show_price_placeholder":["0"],"additional_features":["a:1:{i:0;a:2:{s:29:\"fave_additional_feature_title\";s:0:\"\";s:29:\"fave_additional_feature_value\";s:0:\"\";}}"],"fave_additional_features_enable":["enable"],"floor_plans":[""],"fave_multi_units":[""],"fave_featured":["0"],"houzez_featured_listing_date":[""],"fave_virtual_tour":[""],"fave_loggedintoview":["0"],"fave_neben-und-betriebskosten":["384.00"],"fave_c3bcbergabe-ab":["Ab sofort"],"fave_provision":["6000,00"],"fave_mehrwertsteuer":["zzgl. 19 % MwSt."],"fave_video_url":[""],"fave_property_zip":["48161"],"fave_property_map_address":["Nottulner Landweg, Roxel, M\u00fcnster-West, M\u00fcnster, Nordrhein-Westfalen, 48161, Deutschland"],"fave_property_address":["Nottulner Landweg, Roxel, M\u00fcnster-West, M\u00fcnster, Nordrhein-Westfalen, 48161, Deutschland"],"houzez_geolocation_lat":["51.9429068"],"houzez_geolocation_long":["7.5231203"],"fave_property_location":["51.9429068,7.5231203"],"fave_property_map":["1"],"fave_property_map_street_view":[null],"fave_property_id":["Cki 1674"],"fave_private_note":[""],"fave_property_disclaimer":["1.\tUnsere Angebote basieren auf den Angaben unseres Auftraggebers. Eine Haftung f\u00fcr die Richtigkeit und Vollst\u00e4ndigkeit der Angebote werden von uns nicht \u00fcbernommen. \r\n\r\n2.\tUnsere Angebote sind ausschlie\u00dflich an den Angebotsempf\u00e4nger gerichtet und von uns k\u00f6nnen gleichzeitig mehreren Interessenten offeriert werden. Ein Zwischenverkauf oder eine Zwischenvermietung bleibt uns vorbehalten.  Die Weitergabe dieser Angebote an Dritte ist nicht erlaubt. Im Falle einer Weitergabe an Dritte, macht sich derjenige in H\u00f6he der vereinbarten Provision schadensersatzpflichtig, falls es aufgrund der Weitergabe zu einem Vertragsabschluss kommt.\r\n\r\n3.\tProvision\r\nUnser Maklerhonorar betr\u00e4gt, unbeschadet einer etwaigen Provision, die wir mit dem anderen Vertragspartner vereinbaren oder erhalten und zu deren Vereinbarung wir berechtigt sind (Doppelt\u00e4tigkeit):\r\n\r\na)\tbei Abschluss eines gewerblichen Mietvertrages, 3 Monatskaltmieten zzgl. der gesetzlichen Mehrwertsteuer von 19%. Zu zahlen vom Mieter bei Unterschrift des Mietvertrages.\r\n\r\nb)\tbei Abschluss eines privaten Mietvertrages \u00fcber Wohnr\u00e4ume, 2,38 Monatskaltmieten inkl. der gesetzlichen Mehrwertsteuer von 19%. Zu zahlen vom Auftraggeber bei Unterschrift des Mietvertrages. \r\n"],"fave_energy_class":[""],"fave_energy_global_index":[""],"fave_renewable_energy_global_index":[""],"fave_energy_performance":[""],"fave_epc_current_rating":[""],"fave_epc_potential_rating":[""],"fave_payment_status":["not_paid"],"fave_agent_display_option":["author_info"],"fave_mortgage_cal":["0"],"houzez_total_property_views":["47"],"houzez_views_by_date":["a:29:{s:10:\"03-01-2026\";i:1;s:10:\"03-05-2026\";i:3;s:10:\"03-07-2026\";i:1;s:10:\"03-10-2026\";i:3;s:10:\"03-13-2026\";i:1;s:10:\"03-15-2026\";i:1;s:10:\"03-17-2026\";i:2;s:10:\"03-18-2026\";i:1;s:10:\"03-20-2026\";i:1;s:10:\"03-22-2026\";i:1;s:10:\"03-23-2026\";i:3;s:10:\"03-24-2026\";i:2;s:10:\"03-25-2026\";i:3;s:10:\"03-30-2026\";i:2;s:10:\"04-01-2026\";i:1;s:10:\"04-02-2026\";i:2;s:10:\"04-03-2026\";i:1;s:10:\"04-06-2026\";i:1;s:10:\"04-07-2026\";i:1;s:10:\"04-12-2026\";i:1;s:10:\"04-15-2026\";i:1;s:10:\"04-16-2026\";i:2;s:10:\"04-20-2026\";i:1;s:10:\"04-22-2026\";i:1;s:10:\"04-23-2026\";i:2;s:10:\"04-24-2026\";i:2;s:10:\"04-27-2026\";i:2;s:10:\"04-28-2026\";i:3;s:10:\"04-30-2026\";i:1;}"],"houzez_recently_viewed":["2026-04-30 19:25:55"],"fave_property_images":["20347","20345","20346","20348","20349","20350","20352","20354","20353"],"_thumbnail_id":["20347"],"fave_attachments":["20355"],"_elementor_page_assets":["a:0:{}"]},"_links":{"self":[{"href":"https:\/\/citykontaktimmobilien.de\/index.php?rest_route=\/wp\/v2\/Objekte\/20356","targetHints":{"allow":["GET"]}}],"collection":[{"href":"https:\/\/citykontaktimmobilien.de\/index.php?rest_route=\/wp\/v2\/Objekte"}],"about":[{"href":"https:\/\/citykontaktimmobilien.de\/index.php?rest_route=\/wp\/v2\/types\/property"}],"author":[{"embeddable":true,"href":"https:\/\/citykontaktimmobilien.de\/index.php?rest_route=\/wp\/v2\/users\/2"}],"version-history":[{"count":1,"href":"https:\/\/citykontaktimmobilien.de\/index.php?rest_route=\/wp\/v2\/Objekte\/20356\/revisions"}],"predecessor-version":[{"id":20357,"href":"https:\/\/citykontaktimmobilien.de\/index.php?rest_route=\/wp\/v2\/Objekte\/20356\/revisions\/20357"}],"wp:featuredmedia":[{"embeddable":true,"href":"https:\/\/citykontaktimmobilien.de\/index.php?rest_route=\/wp\/v2\/media\/20347"}],"wp:attachment":[{"href":"https:\/\/citykontaktimmobilien.de\/index.php?rest_route=%2Fwp%2Fv2%2Fmedia&parent=20356"}],"wp:term":[{"taxonomy":"property_type","embeddable":true,"href":"https:\/\/citykontaktimmobilien.de\/index.php?rest_route=%2Fwp%2Fv2%2Fproperty_type&post=20356"},{"taxonomy":"property_status","embeddable":true,"href":"https:\/\/citykontaktimmobilien.de\/index.php?rest_route=%2Fwp%2Fv2%2Fproperty_status&post=20356"},{"taxonomy":"property_feature","embeddable":true,"href":"https:\/\/citykontaktimmobilien.de\/index.php?rest_route=%2Fwp%2Fv2%2Fproperty_feature&post=20356"},{"taxonomy":"property_label","embeddable":true,"href":"https:\/\/citykontaktimmobilien.de\/index.php?rest_route=%2Fwp%2Fv2%2Fproperty_label&post=20356"},{"taxonomy":"property_country","embeddable":true,"href":"https:\/\/citykontaktimmobilien.de\/index.php?rest_route=%2Fwp%2Fv2%2Fproperty_country&post=20356"},{"taxonomy":"property_state","embeddable":true,"href":"https:\/\/citykontaktimmobilien.de\/index.php?rest_route=%2Fwp%2Fv2%2Fproperty_state&post=20356"},{"taxonomy":"property_city","embeddable":true,"href":"https:\/\/citykontaktimmobilien.de\/index.php?rest_route=%2Fwp%2Fv2%2Fproperty_city&post=20356"},{"taxonomy":"property_area","embeddable":true,"href":"https:\/\/citykontaktimmobilien.de\/index.php?rest_route=%2Fwp%2Fv2%2Fproperty_area&post=20356"}],"curies":[{"name":"wp","href":"https:\/\/api.w.org\/{rel}","templated":true}]}}