{"id":20402,"date":"2026-03-02T18:09:54","date_gmt":"2026-03-02T18:09:54","guid":{"rendered":"https:\/\/city.maxim-design.de\/index.php\/property\/innenstadtnahe-und-sanierte-210m%c2%b2-buero-und-praxisraeume-am-e-center\/"},"modified":"2026-03-05T20:35:19","modified_gmt":"2026-03-05T20:35:19","slug":"innenstadtnahe-und-sanierte-210m%c2%b2-buero-und-praxisraeume-am-e-center","status":"publish","type":"property","link":"https:\/\/citykontaktimmobilien.de\/?property=innenstadtnahe-und-sanierte-210m%c2%b2-buero-und-praxisraeume-am-e-center","title":{"rendered":"Innenstadtnahe 210,00 m\u00b2 B\u00fcro und Praxisr\u00e4ume am Edeka-Center in M\u00fcnster"},"content":{"rendered":"<p>Objektbeschreibung<\/p>\n<p>Das Geb\u00e4ude, mit sch\u00f6nen Praxis- und B\u00fcror\u00e4umlichkeiten, befindet sich in guter Innenstadtlage in M\u00fcnster, direkt an einem bekannten und beliebten Einkaufscenter. Der gro\u00dfz\u00fcgige Eingangsbereich zeichnet sich durch eine behindertengerechte Gestaltung aus und ist mit einem Aufzug ausgestattet.<\/p>\n<p>Die Sanierten R\u00e4umlichkeiten von ca. 210 m\u00b2 bieten helle und angenehme Arbeitsatmosph\u00e4re als\u00a0 Arztpraxis sowie B\u00fcror\u00e4umlichkeiten.<\/p>\n<p>Die R\u00e4umlichkeiten\u00a0 bestehen aus;<\/p>\n<p>\u2013 ein gro\u00dfer Flur<\/p>\n<p>\u2013 8 B\u00fcror\u00e4ume,<\/p>\n<p>\u2013 Teek\u00fcche<\/p>\n<p>\u2013 Damen-Herren WC.<\/p>\n<p>Zu den B\u00fcror\u00e4umlichkeiten geh\u00f6ren 2 Stellpl\u00e4tze \u00e1 30,00\u20ac\/mtl.<\/p>\n<p>&nbsp;<\/p>\n<p>Ausstattung<\/p>\n<p>-8 B\u00fcros<br \/>\n-Aufzug<br \/>\n-behindertengerechter Eingang,<br \/>\n-Heizung,<br \/>\n-Deckenleuchten,<br \/>\n-EDV Verkabelung<br \/>\n-Neue T\u00fcren<br \/>\n-Kirschholzoptik Vinyl Parkettboden<br \/>\n-Teek\u00fcche<br \/>\n-Saniertes Damen u. Herren WC<br \/>\n-2 PKW Stellpl\u00e4tze\u00a0 Je 30,00\u20ac\/mtl.<\/p>\n<p>&nbsp;<\/p>\n<p>Lage<\/p>\n<p>Innenstadtnahe Lage M\u00fcnster, Wohn- und Gesch\u00e4ftsstra\u00dfe, am E-Center.<\/p>\n<p>&nbsp;<\/p>\n<p>Infrastruktur<\/p>\n<ul>\n<li>800 m bis zur Innenstadt M\u00fcnster<\/li>\n<li>Bushaltestellen direkt an dem Objekt,<\/li>\n<li>Autobahnauffahrt \u00fcber Umgehungstrasse \u00a0ca. 500 m.<\/li>\n<\/ul>\n","protected":false},"excerpt":{"rendered":"<p>Objektbeschreibung Das Geb\u00e4ude, mit sch\u00f6nen Praxis- und B\u00fcror\u00e4umlichkeiten, befindet sich in guter Innenstadtlage in M\u00fcnster, direkt an einem bekannten und beliebten Einkaufscenter. Der gro\u00dfz\u00fcgige Eingangsbereich zeichnet sich durch eine behindertengerechte Gestaltung aus und ist mit einem Aufzug ausgestattet. Die Sanierten R\u00e4umlichkeiten von ca. 210 m\u00b2 bieten helle und angenehme Arbeitsatmosph\u00e4re als\u00a0 Arztpraxis sowie B\u00fcror\u00e4umlichkeiten. Die [&hellip;]<\/p>\n","protected":false},"author":2,"featured_media":20399,"parent":0,"menu_order":0,"template":"","property_type":[108,110],"property_status":[123],"property_feature":[],"property_label":[132],"property_country":[115],"property_state":[153],"property_city":[136],"property_area":[171],"class_list":["post-20402","property","type-property","status-publish","has-post-thumbnail","hentry","property_type-gewerbliche-immobilien","property_type-vermietung-gewerbliche-immobilien","property_status-zur-vermietung","property_label-top-lage","property_country-deutschland","property_state-muenster","property_city-muenster","property_area-zentrum"],"property_meta":{"fave_property_bathrooms":["2"],"fave_property_bedrooms":[""],"fave_property_rooms":["8"],"fave_property_size":["210,00"],"fave_property_garage":[""],"fave_property_garage_size":["2"],"fave_property_year":["1966"],"fave_property_price":["1890"],"fave_property_price_placeholder":[""],"fave_property_price_prefix":[""],"fave_property_price_postfix":[""],"fave_property_sec_price":["Kaltmiete"],"fave_show_price_placeholder":["0"],"additional_features":["a:1:{i:0;a:2:{s:29:\"fave_additional_feature_title\";s:5:\"Vinyl\";s:29:\"fave_additional_feature_value\";s:15:\"Kirschholzoptik\";}}"],"fave_additional_features_enable":["enable"],"floor_plans":[""],"fave_multi_units":[""],"fave_featured":["0"],"houzez_featured_listing_date":[""],"fave_virtual_tour":[""],"fave_loggedintoview":["0"],"fave_neben-und-betriebskosten":["630"],"fave_heizkosten":["inkl. Heizkosten"],"fave_preis-stellplatz-mtl":["30"],"fave_gc3a4ste-wc":["Ja"],"fave_aufzug":["Ja"],"fave_provision":["Provisionsfrei"],"fave_video_url":[""],"fave_property_zip":["48153"],"fave_property_map_address":["135, Friedrich-Ebert-Stra\u00dfe, Sch\u00fctzenhof, Mitte-S\u00fcd, M\u00fcnster-Mitte, M\u00fcnster, Nordrhein-Westfalen, 48153, Deutschland"],"fave_property_address":["135, Friedrich-Ebert-Stra\u00dfe, Sch\u00fctzenhof, Mitte-S\u00fcd, M\u00fcnster-Mitte, M\u00fcnster, Nordrhein-Westfalen, 48153, Deutschland"],"houzez_geolocation_lat":["51.9445683"],"houzez_geolocation_long":["7.6300759"],"fave_property_location":["51.9445683,7.6300759"],"fave_property_map":["1"],"fave_property_map_street_view":[null],"fave_property_id":["Cki 1661"],"fave_private_note":[""],"fave_property_disclaimer":["Unsere Angebote basieren auf den Angaben unseres Auftraggebers. Eine Haftung f\u00fcr die Richtigkeit und Vollst\u00e4ndigkeit der Angebote werden von uns nicht \u00fcbernommen."],"fave_energy_class":[""],"fave_energy_global_index":["104,20"],"fave_renewable_energy_global_index":["Verbrauch"],"fave_energy_performance":["Ja"],"fave_epc_current_rating":["Gas"],"fave_epc_potential_rating":[""],"fave_payment_status":["not_paid"],"fave_agent_display_option":["author_info"],"fave_mortgage_cal":["0"],"fave_c3bcbergabe-ab":["Nach Vereinbarung"],"houzez_total_property_views":["50"],"houzez_views_by_date":["a:32:{s:10:\"03-05-2026\";i:3;s:10:\"03-07-2026\";i:1;s:10:\"03-10-2026\";i:3;s:10:\"03-13-2026\";i:3;s:10:\"03-15-2026\";i:1;s:10:\"03-17-2026\";i:2;s:10:\"03-18-2026\";i:2;s:10:\"03-21-2026\";i:1;s:10:\"03-22-2026\";i:1;s:10:\"03-24-2026\";i:2;s:10:\"03-25-2026\";i:1;s:10:\"03-26-2026\";i:3;s:10:\"03-29-2026\";i:1;s:10:\"03-30-2026\";i:1;s:10:\"03-31-2026\";i:2;s:10:\"04-02-2026\";i:1;s:10:\"04-03-2026\";i:1;s:10:\"04-04-2026\";i:1;s:10:\"04-06-2026\";i:2;s:10:\"04-07-2026\";i:1;s:10:\"04-09-2026\";i:1;s:10:\"04-10-2026\";i:1;s:10:\"04-11-2026\";i:1;s:10:\"04-12-2026\";i:1;s:10:\"04-15-2026\";i:2;s:10:\"04-16-2026\";i:1;s:10:\"04-19-2026\";i:1;s:10:\"04-20-2026\";i:1;s:10:\"04-22-2026\";i:2;s:10:\"04-23-2026\";i:3;s:10:\"04-24-2026\";i:1;s:10:\"04-28-2026\";i:2;}"],"houzez_recently_viewed":["2026-04-28 19:37:57"],"fave_property_images":["20399","20394","20395","20396","20397","20398"],"_thumbnail_id":["20399"],"fave_attachments":["20400","20401"],"_elementor_page_assets":["a:0:{}"]},"_links":{"self":[{"href":"https:\/\/citykontaktimmobilien.de\/index.php?rest_route=\/wp\/v2\/Objekte\/20402","targetHints":{"allow":["GET"]}}],"collection":[{"href":"https:\/\/citykontaktimmobilien.de\/index.php?rest_route=\/wp\/v2\/Objekte"}],"about":[{"href":"https:\/\/citykontaktimmobilien.de\/index.php?rest_route=\/wp\/v2\/types\/property"}],"author":[{"embeddable":true,"href":"https:\/\/citykontaktimmobilien.de\/index.php?rest_route=\/wp\/v2\/users\/2"}],"version-history":[{"count":5,"href":"https:\/\/citykontaktimmobilien.de\/index.php?rest_route=\/wp\/v2\/Objekte\/20402\/revisions"}],"predecessor-version":[{"id":20578,"href":"https:\/\/citykontaktimmobilien.de\/index.php?rest_route=\/wp\/v2\/Objekte\/20402\/revisions\/20578"}],"wp:featuredmedia":[{"embeddable":true,"href":"https:\/\/citykontaktimmobilien.de\/index.php?rest_route=\/wp\/v2\/media\/20399"}],"wp:attachment":[{"href":"https:\/\/citykontaktimmobilien.de\/index.php?rest_route=%2Fwp%2Fv2%2Fmedia&parent=20402"}],"wp:term":[{"taxonomy":"property_type","embeddable":true,"href":"https:\/\/citykontaktimmobilien.de\/index.php?rest_route=%2Fwp%2Fv2%2Fproperty_type&post=20402"},{"taxonomy":"property_status","embeddable":true,"href":"https:\/\/citykontaktimmobilien.de\/index.php?rest_route=%2Fwp%2Fv2%2Fproperty_status&post=20402"},{"taxonomy":"property_feature","embeddable":true,"href":"https:\/\/citykontaktimmobilien.de\/index.php?rest_route=%2Fwp%2Fv2%2Fproperty_feature&post=20402"},{"taxonomy":"property_label","embeddable":true,"href":"https:\/\/citykontaktimmobilien.de\/index.php?rest_route=%2Fwp%2Fv2%2Fproperty_label&post=20402"},{"taxonomy":"property_country","embeddable":true,"href":"https:\/\/citykontaktimmobilien.de\/index.php?rest_route=%2Fwp%2Fv2%2Fproperty_country&post=20402"},{"taxonomy":"property_state","embeddable":true,"href":"https:\/\/citykontaktimmobilien.de\/index.php?rest_route=%2Fwp%2Fv2%2Fproperty_state&post=20402"},{"taxonomy":"property_city","embeddable":true,"href":"https:\/\/citykontaktimmobilien.de\/index.php?rest_route=%2Fwp%2Fv2%2Fproperty_city&post=20402"},{"taxonomy":"property_area","embeddable":true,"href":"https:\/\/citykontaktimmobilien.de\/index.php?rest_route=%2Fwp%2Fv2%2Fproperty_area&post=20402"}],"curies":[{"name":"wp","href":"https:\/\/api.w.org\/{rel}","templated":true}]}}