{"id":20530,"date":"2026-03-05T11:43:10","date_gmt":"2026-03-05T11:43:10","guid":{"rendered":"https:\/\/city.maxim-design.de\/index.php\/property\/freistehende-gewerbehalle-mit-ausstellungsflaeche-buero-u-freiflaeche\/"},"modified":"2026-03-05T11:43:10","modified_gmt":"2026-03-05T11:43:10","slug":"freistehende-gewerbehalle-mit-ausstellungsflaeche-buero-u-freiflaeche","status":"publish","type":"property","link":"https:\/\/citykontaktimmobilien.de\/?property=freistehende-gewerbehalle-mit-ausstellungsflaeche-buero-u-freiflaeche","title":{"rendered":"Freistehende Gewerbehalle mit Ausstellungsfl\u00e4che B\u00fcro u. Freifl\u00e4che"},"content":{"rendered":"<p>Objektbeschreibung<\/p>\n<p>Die zur Vermietung stehende Gewerbehalle mit Ausstellungsfl\u00e4che, Sozialr\u00e4umen, B\u00fcror\u00e4umlichkeiten und eingez\u00e4unten Freifl\u00e4chen befindet sich in einem bevorzugten Gewerbegebiet in M\u00fcnster-S\u00fcd mit g\u00fcnstiger Verkehrsanbindung zur A43 u. A1 \/ Innenstadt M\u00fcnster.<br \/>\nHallenfl\u00e4che\/Ausstellungsfl\u00e4che 351,00 m\u00b2<br \/>\nB\u00fcro und Sozialr\u00e4ume 110,00 m\u00b2<br \/>\nFreifl\u00e4che 500,00 m\u00b2<br \/>\n&#8212;&#8212;&#8212;&#8212;&#8212;&#8212;&#8212;&#8212;&#8212;&#8212;&#8212;&#8212;&#8212;&#8212;&#8212;&#8212;&#8212;&#8212;&#8212;-<br \/>\nGesamtfl\u00e4che 961,00 m\u00b2<br \/>\nStellpl\u00e4tze 6 St\u00fcck<\/p>\n<p>&nbsp;<\/p>\n<p>Lage<\/p>\n<p>Die freistehende Gewerbehalle mit B\u00fcros und Freifl\u00e4chen befindet sich in einem eingez\u00e4unten Grundst\u00fcck im Gewerbemischgebiet M\u00fcnster S\u00fcd.<\/p>\n<p>&nbsp;<\/p>\n<p>Ausstattung<\/p>\n<ul>\n<li>351,00 m\u00b2 Gewerbe\/ Ausstellungshalle<\/li>\n<li>110,00 m\u00b2 B\u00fcro und Sozialr\u00e4um<\/li>\n<li>500,00 m\u00b2 Freifl\u00e4che<\/li>\n<li>4 B\u00fcros<\/li>\n<li>2 D und H WC<\/li>\n<li>Teek\u00fcche<\/li>\n<li>Rolltor<\/li>\n<li>Gasheizung<\/li>\n<li>Teppich und Parkettb\u00f6den<\/li>\n<li>2.40-3.00m Hallenh\u00f6he<\/li>\n<li>6 Au\u00dfenstellpl\u00e4tze auf eigenem Grundst\u00fcck.<\/li>\n<\/ul>\n<p>Infrastruktur<\/p>\n<ul>\n<li>Die Gewerbe \/ Ausstellungshalle befindet sich im Gewerbegebiet M\u00fcnster-S\u00fcd<\/li>\n<li>3,5 km bis zur Umgehungsstra\u00dfe<\/li>\n<li>Autobahnauffahrt zur A1 und A43<\/li>\n<li>7 km bis zur Innenstadt M\u00fcnster<\/li>\n<li>3 km bis zum Stadtteil Wolbeck<\/li>\n<li>2 Km bis zum Stadtteil Hiltrup<\/li>\n<\/ul>\n<p>&nbsp;<\/p>\n","protected":false},"excerpt":{"rendered":"<p>Objektbeschreibung Die zur Vermietung stehende Gewerbehalle mit Ausstellungsfl\u00e4che, Sozialr\u00e4umen, B\u00fcror\u00e4umlichkeiten und eingez\u00e4unten Freifl\u00e4chen befindet sich in einem bevorzugten Gewerbegebiet in M\u00fcnster-S\u00fcd mit g\u00fcnstiger Verkehrsanbindung zur A43 u. A1 \/ Innenstadt M\u00fcnster. Hallenfl\u00e4che\/Ausstellungsfl\u00e4che 351,00 m\u00b2 B\u00fcro und Sozialr\u00e4ume 110,00 m\u00b2 Freifl\u00e4che 500,00 m\u00b2 &#8212;&#8212;&#8212;&#8212;&#8212;&#8212;&#8212;&#8212;&#8212;&#8212;&#8212;&#8212;&#8212;&#8212;&#8212;&#8212;&#8212;&#8212;&#8212;- Gesamtfl\u00e4che 961,00 m\u00b2 Stellpl\u00e4tze 6 St\u00fcck &nbsp; Lage Die freistehende Gewerbehalle mit [&hellip;]<\/p>\n","protected":false},"author":2,"featured_media":20524,"parent":0,"menu_order":0,"template":"","property_type":[108,110],"property_status":[126],"property_feature":[],"property_label":[],"property_country":[115],"property_state":[139],"property_city":[136],"property_area":[],"class_list":["post-20530","property","type-property","status-publish","has-post-thumbnail","hentry","property_type-gewerbliche-immobilien","property_type-vermietung-gewerbliche-immobilien","property_status-vermietet","property_country-deutschland","property_state-nordrhein-westfalen","property_city-muenster"],"property_meta":{"fave_property_bathrooms":[""],"fave_property_bedrooms":[""],"fave_property_rooms":["4"],"fave_property_size":["461"],"fave_property_garage":[""],"fave_property_garage_size":["6"],"fave_property_year":["1993"],"fave_property_price":["3750"],"fave_property_price_placeholder":[""],"fave_property_price_prefix":[""],"fave_property_price_postfix":["Kaltmiete"],"fave_property_sec_price":[""],"fave_show_price_placeholder":["0"],"additional_features":["a:5:{i:0;a:2:{s:29:\"fave_additional_feature_title\";s:11:\"Hallenh\u00f6he\";s:29:\"fave_additional_feature_value\";s:9:\"2,4m-3,0m\";}i:1;a:2:{s:29:\"fave_additional_feature_title\";s:7:\"Rolltor\";s:29:\"fave_additional_feature_value\";s:2:\"Ja\";}i:2;a:2:{s:29:\"fave_additional_feature_title\";s:11:\"Freifl\u00e4che\";s:29:\"fave_additional_feature_value\";s:6:\"500 m2\";}i:3;a:2:{s:29:\"fave_additional_feature_title\";s:13:\"B\u00fcros\/R\u00e4ume\";s:29:\"fave_additional_feature_value\";s:6:\"110 m2\";}i:4;a:2:{s:29:\"fave_additional_feature_title\";s:13:\"Lager\/Verkauf\";s:29:\"fave_additional_feature_value\";s:6:\"351 m2\";}}"],"fave_additional_features_enable":["enable"],"floor_plans":[""],"fave_multi_units":[""],"fave_featured":["0"],"houzez_featured_listing_date":[""],"fave_virtual_tour":[""],"fave_loggedintoview":["0"],"fave_neben-und-betriebskosten":["922"],"fave_heizkosten":["inkl. Heizkosten"],"fave_c3bcbergabe-ab":["Ab Sofort"],"fave_gc3a4ste-wc":["Ja"],"fave_provision":["3"],"fave_provisionsbasis":["Netto-Monatskaltmieten"],"fave_mehrwertsteuer":["zzgl. 19 % MwSt."],"fave_video_url":[""],"fave_property_images":["20524","20528","20525","20527","20520","20526","20521","20519","20522","20523"],"_thumbnail_id":["20524"],"fave_attachments":["20529"],"fave_property_zip":["48165"],"fave_property_map_address":["7, Zum Kaiserbusch, Angelmodde, M\u00fcnster-S\u00fcdost, M\u00fcnster, Nordrhein-Westfalen, 48165, Deutschland"],"fave_property_address":["7, Zum Kaiserbusch, Angelmodde, M\u00fcnster-S\u00fcdost, M\u00fcnster, Nordrhein-Westfalen, 48165, Deutschland"],"houzez_geolocation_lat":["51.9116945"],"houzez_geolocation_long":["7.6851244"],"fave_property_location":["51.9116945,7.6851244"],"fave_property_map":["1"],"fave_property_map_street_view":[null],"fave_property_id":["Cki 1425"],"fave_private_note":[""],"fave_property_disclaimer":["Eine Haftung f\u00fcr die Richtigkeit und Vollst\u00e4ndigkeit der Angebote werden von uns nicht \u00fcbernommen.\r\nDie Ausk\u00fcnfte \u00fcber die Angebote werden uns lediglich durch den Auftraggeber erteilt.\r\nUnsere Angebote sind ausschlie\u00dflich an den Angebotsempf\u00e4nger gerichtet. Die Weitergabe dieser Angebote an Dritte ist nicht erlaubt. Im Falle einer Weitergabe an Dritte, macht sich derjenige in H\u00f6he der vereinbarten Provision schadensersatzpflichtig.\r\nUnser Maklerhonorar betr\u00e4gt, unbeschadet einer etwaigen Provision, die wir\r\nmit dem anderen Vertragspartner vereinbaren oder erhalten und zu deren Vereinbarung wir berechtigt sind (Doppelt\u00e4tigkeit):\r\na) bei der Vermittlung eines Kaufobjektes 5,95% des Netto Verkaufspreises inkl. der gesetzlichen Mehrwertsteuer von 19%. Zu zahlen vom K\u00e4ufer bei Abschluss des Notarvertrages. F\u00fcr die Vermittlung eines Vorkaufrechts erhalten wir von Berechtigten 2,38% inkl. MwSt. des Verkehrswertes des Gesamtobjektes, bei der Aus\u00fcbung des Vorkaufrechtes weitere 3,57 % inkl. des Kaufpreises.\r\nb) bei Abschluss eines gewerblichen Mietvertrages, 3 Monatskaltmieten zzgl. der gesetzlichen Mehrwertsteuer von 19%. Zu zahlen vom Mieter bei Unterschrift des Mietvertrages.\r\nc) bei Abschluss eines privaten Mietvertrages \u00fcber Wohnr\u00e4ume, 2,38 Monatskaltmieten inkl. der gesetzlichen Mehrwertsteuer von 19%. Zu zahlen vom Auftraggeber bei Unterschrift des Mietvertrages.\r\nd) bei Abstandszahlungen zahlt der \u00dcbernehmer eine Provision"],"fave_energy_class":[""],"fave_energy_global_index":["200,80"],"fave_renewable_energy_global_index":["Bedarf"],"fave_energy_performance":["Ja"],"fave_epc_current_rating":["Gas"],"fave_epc_potential_rating":["G\u00fcltig bis fr\u00fchestens 2034"],"fave_payment_status":["not_paid"],"fave_agent_display_option":["author_info"],"fave_mortgage_cal":["0"],"houzez_total_property_views":["35"],"houzez_views_by_date":["a:27:{s:10:\"03-05-2026\";i:5;s:10:\"03-07-2026\";i:1;s:10:\"03-10-2026\";i:2;s:10:\"03-13-2026\";i:1;s:10:\"03-15-2026\";i:1;s:10:\"03-17-2026\";i:1;s:10:\"03-18-2026\";i:1;s:10:\"03-21-2026\";i:1;s:10:\"03-22-2026\";i:1;s:10:\"03-24-2026\";i:1;s:10:\"03-25-2026\";i:2;s:10:\"03-26-2026\";i:1;s:10:\"03-29-2026\";i:1;s:10:\"03-30-2026\";i:1;s:10:\"03-31-2026\";i:1;s:10:\"04-02-2026\";i:1;s:10:\"04-06-2026\";i:2;s:10:\"04-09-2026\";i:2;s:10:\"04-11-2026\";i:1;s:10:\"04-15-2026\";i:1;s:10:\"04-16-2026\";i:1;s:10:\"04-20-2026\";i:1;s:10:\"04-21-2026\";i:1;s:10:\"04-22-2026\";i:1;s:10:\"04-23-2026\";i:1;s:10:\"04-24-2026\";i:1;s:10:\"04-28-2026\";i:1;}"],"houzez_recently_viewed":["2026-04-28 18:08:02"],"_elementor_page_assets":["a:0:{}"]},"_links":{"self":[{"href":"https:\/\/citykontaktimmobilien.de\/index.php?rest_route=\/wp\/v2\/Objekte\/20530","targetHints":{"allow":["GET"]}}],"collection":[{"href":"https:\/\/citykontaktimmobilien.de\/index.php?rest_route=\/wp\/v2\/Objekte"}],"about":[{"href":"https:\/\/citykontaktimmobilien.de\/index.php?rest_route=\/wp\/v2\/types\/property"}],"author":[{"embeddable":true,"href":"https:\/\/citykontaktimmobilien.de\/index.php?rest_route=\/wp\/v2\/users\/2"}],"version-history":[{"count":0,"href":"https:\/\/citykontaktimmobilien.de\/index.php?rest_route=\/wp\/v2\/Objekte\/20530\/revisions"}],"wp:featuredmedia":[{"embeddable":true,"href":"https:\/\/citykontaktimmobilien.de\/index.php?rest_route=\/wp\/v2\/media\/20524"}],"wp:attachment":[{"href":"https:\/\/citykontaktimmobilien.de\/index.php?rest_route=%2Fwp%2Fv2%2Fmedia&parent=20530"}],"wp:term":[{"taxonomy":"property_type","embeddable":true,"href":"https:\/\/citykontaktimmobilien.de\/index.php?rest_route=%2Fwp%2Fv2%2Fproperty_type&post=20530"},{"taxonomy":"property_status","embeddable":true,"href":"https:\/\/citykontaktimmobilien.de\/index.php?rest_route=%2Fwp%2Fv2%2Fproperty_status&post=20530"},{"taxonomy":"property_feature","embeddable":true,"href":"https:\/\/citykontaktimmobilien.de\/index.php?rest_route=%2Fwp%2Fv2%2Fproperty_feature&post=20530"},{"taxonomy":"property_label","embeddable":true,"href":"https:\/\/citykontaktimmobilien.de\/index.php?rest_route=%2Fwp%2Fv2%2Fproperty_label&post=20530"},{"taxonomy":"property_country","embeddable":true,"href":"https:\/\/citykontaktimmobilien.de\/index.php?rest_route=%2Fwp%2Fv2%2Fproperty_country&post=20530"},{"taxonomy":"property_state","embeddable":true,"href":"https:\/\/citykontaktimmobilien.de\/index.php?rest_route=%2Fwp%2Fv2%2Fproperty_state&post=20530"},{"taxonomy":"property_city","embeddable":true,"href":"https:\/\/citykontaktimmobilien.de\/index.php?rest_route=%2Fwp%2Fv2%2Fproperty_city&post=20530"},{"taxonomy":"property_area","embeddable":true,"href":"https:\/\/citykontaktimmobilien.de\/index.php?rest_route=%2Fwp%2Fv2%2Fproperty_area&post=20530"}],"curies":[{"name":"wp","href":"https:\/\/api.w.org\/{rel}","templated":true}]}}